{"id":518,"date":"2019-12-29T18:58:00","date_gmt":"2019-12-29T17:58:00","guid":{"rendered":"https:\/\/hjarnatillsammans.se\/larplattform\/?page_id=518"},"modified":"2023-09-11T14:05:13","modified_gmt":"2023-09-11T12:05:13","slug":"om-hjarna-tillsammans","status":"publish","type":"page","link":"https:\/\/hjarnatillsammans.se\/larplattform\/om-hjarna-tillsammans\/","title":{"rendered":"Om Hj\u00e4rna Tillsammans"},"content":{"rendered":"<p>[et_pb_section fb_built=&#8221;1&#8243; disabled_on=&#8221;on|on|on&#8221; _builder_version=&#8221;4.16&#8243; use_background_color_gradient=&#8221;on&#8221; background_color_gradient_direction=&#8221;129deg&#8221; background_color_gradient_stops=&#8221;#ff6334 12%|#B363D1 120%&#8221; background_color_gradient_start=&#8221;#ff6334&#8243; background_color_gradient_start_position=&#8221;12%&#8221; background_color_gradient_end=&#8221;#B363D1&#8243; background_color_gradient_end_position=&#8221;120%&#8221; background_enable_image=&#8221;off&#8221; background_size=&#8221;contain&#8221; custom_padding=&#8221;0px||||false|false&#8221; disabled=&#8221;on&#8221; collapsed=&#8221;on&#8221; global_colors_info=&#8221;{}&#8221;][et_pb_row _builder_version=&#8221;4.16&#8243; width=&#8221;100%&#8221; max_width=&#8221;90%&#8221; global_colors_info=&#8221;{}&#8221;][et_pb_column type=&#8221;4_4&#8243; _builder_version=&#8221;4.16&#8243; global_colors_info=&#8221;{}&#8221;][et_pb_text admin_label=&#8221;logo&#8221; _builder_version=&#8221;4.16&#8243; background_layout=&#8221;dark&#8221; global_colors_info=&#8221;{}&#8221;]<\/p>\n<p><a href=\"https:\/\/hjarnatillsammans.se\/larplattform\/\"><img loading=\"lazy\" decoding=\"async\" class=\"alignleft wp-image-19\" src=\"https:\/\/hjarnatillsammans.se\/larplattform\/wp-content\/uploads\/2019\/10\/logga-200x155.png\" alt=\"\" width=\"120\" height=\"93\" srcset=\"https:\/\/hjarnatillsammans.se\/larplattform\/wp-content\/uploads\/2019\/10\/logga-200x155.png 200w, https:\/\/hjarnatillsammans.se\/larplattform\/wp-content\/uploads\/2019\/10\/logga-200x155-24x19.png 24w, https:\/\/hjarnatillsammans.se\/larplattform\/wp-content\/uploads\/2019\/10\/logga-200x155-36x28.png 36w, https:\/\/hjarnatillsammans.se\/larplattform\/wp-content\/uploads\/2019\/10\/logga-200x155-48x37.png 48w\" sizes=\"(max-width: 120px) 100vw, 120px\" \/><\/a><\/p>\n<p>[\/et_pb_text][\/et_pb_column][\/et_pb_row][et_pb_row _builder_version=&#8221;4.16&#8243; global_colors_info=&#8221;{}&#8221;][et_pb_column type=&#8221;4_4&#8243; _builder_version=&#8221;4.16&#8243; global_colors_info=&#8221;{}&#8221;][et_pb_image src=&#8221;https:\/\/hjarnatillsammans.se\/larplattform\/wp-content\/uploads\/2020\/01\/hjarna_utbildning_logga.png&#8221; align=&#8221;center&#8221; _builder_version=&#8221;4.16&#8243; locked=&#8221;off&#8221; global_colors_info=&#8221;{}&#8221;][\/et_pb_image][et_pb_text admin_label=&#8221;Text &#8211; introtext&#8221; _builder_version=&#8221;4.16&#8243; text_font_size=&#8221;20px&#8221; background_layout=&#8221;dark&#8221; global_colors_info=&#8221;{}&#8221;]<\/p>\n<h1 style=\"text-align: center;\">Om n\u00e4tverket Hj\u00e4rna Tillsamans<\/h1>\n<p style=\"text-align: center;\">Bakom satsningen med l\u00e4rplattformen Hj\u00e4rna Utbildning st\u00e5r Hj\u00e4rna Tillsammans. Ett n\u00e4tverk som samverkar mot ett gemensamt m\u00e5l! Att st\u00e4rka st\u00f6det och rehabiliteringen f\u00f6r personer med f\u00f6rv\u00e4rvad hj\u00e4rnskada, som f\u00f6ljd av exempelvis stroke eller olycka. Och d\u00e4rmed \u00f6ka m\u00f6jligheten att kunna \u00e5terg\u00e5 till ett s\u00e5 aktivt liv som m\u00f6jligt.<\/p>\n<p>[\/et_pb_text][\/et_pb_column][\/et_pb_row][et_pb_row column_structure=&#8221;1_4,1_4,1_4,1_4&#8243; _builder_version=&#8221;4.16&#8243; global_colors_info=&#8221;{}&#8221;][et_pb_column type=&#8221;1_4&#8243; _builder_version=&#8221;4.16&#8243; global_colors_info=&#8221;{}&#8221;][\/et_pb_column][et_pb_column type=&#8221;1_4&#8243; _builder_version=&#8221;4.16&#8243; global_colors_info=&#8221;{}&#8221;][et_pb_button button_url=&#8221;@ET-DC@eyJkeW5hbWljIjp0cnVlLCJjb250ZW50IjoicG9zdF9saW5rX3VybF9wYWdlIiwic2V0dGluZ3MiOnsicG9zdF9pZCI6IjMzIn19@&#8221; button_text=&#8221;logga in&#8221; button_alignment=&#8221;right&#8221; admin_label=&#8221;Button &#8211; logga in&#8221; _builder_version=&#8221;4.16&#8243; _dynamic_attributes=&#8221;button_url&#8221; custom_button=&#8221;on&#8221; button_text_color=&#8221;#ffffff&#8221; button_bg_color=&#8221;#ffa824&#8243; button_border_width=&#8221;0px&#8221; button_border_radius=&#8221;18px&#8221; button_use_icon=&#8221;off&#8221; global_colors_info=&#8221;{}&#8221; button_bg_color__hover_enabled=&#8221;on|desktop&#8221; button_bg_color__hover=&#8221;#ffffff&#8221; button_bg_enable_color__hover=&#8221;on&#8221; button_text_color__hover_enabled=&#8221;on|hover&#8221; button_text_color__hover=&#8221;#ffa824&#8243;][\/et_pb_button][\/et_pb_column][et_pb_column type=&#8221;1_4&#8243; _builder_version=&#8221;4.16&#8243; global_colors_info=&#8221;{}&#8221;][et_pb_button button_url=&#8221;@ET-DC@eyJkeW5hbWljIjp0cnVlLCJjb250ZW50IjoicG9zdF9saW5rX3VybF9wYWdlIiwic2V0dGluZ3MiOnsicG9zdF9pZCI6IjYxOSJ9fQ==@&#8221; button_text=&#8221;skapa konto&#8221; button_alignment=&#8221;left&#8221; admin_label=&#8221;Button-skapa konto&#8221; _builder_version=&#8221;4.16&#8243; _dynamic_attributes=&#8221;button_url&#8221; custom_button=&#8221;on&#8221; button_text_color=&#8221;#ffffff&#8221; button_bg_color=&#8221;#7F3F97&#8243; button_border_width=&#8221;0px&#8221; button_border_radius=&#8221;18px&#8221; button_use_icon=&#8221;off&#8221; global_colors_info=&#8221;{}&#8221; button_bg_color__hover_enabled=&#8221;on|hover&#8221; button_bg_color__hover=&#8221;#ffffff&#8221; button_bg_enable_color__hover=&#8221;on&#8221; button_text_color__hover_enabled=&#8221;on|hover&#8221; button_text_color__hover=&#8221;#7F3F97&#8243;][\/et_pb_button][\/et_pb_column][et_pb_column type=&#8221;1_4&#8243; _builder_version=&#8221;4.16&#8243; global_colors_info=&#8221;{}&#8221;][\/et_pb_column][\/et_pb_row][\/et_pb_section][et_pb_section fb_built=&#8221;1&#8243; disabled_on=&#8221;on|on|on&#8221; admin_label=&#8221;Section &#8211; LMS TOP&#8221; _builder_version=&#8221;4.16&#8243; use_background_color_gradient=&#8221;on&#8221; background_color_gradient_direction=&#8221;129deg&#8221; background_color_gradient_stops=&#8221;#ff6334 12%|#B363D1 120%&#8221; background_color_gradient_start=&#8221;#ff6334&#8243; background_color_gradient_start_position=&#8221;12%&#8221; background_color_gradient_end=&#8221;#B363D1&#8243; background_color_gradient_end_position=&#8221;120%&#8221; background_enable_image=&#8221;off&#8221; background_size=&#8221;contain&#8221; custom_padding=&#8221;0px||15px||false|false&#8221; disabled=&#8221;on&#8221; collapsed=&#8221;on&#8221; global_colors_info=&#8221;{}&#8221;][et_pb_row admin_label=&#8221;Rad&#8221; _builder_version=&#8221;4.16&#8243; width=&#8221;100%&#8221; max_width=&#8221;90%&#8221; global_colors_info=&#8221;{}&#8221;][et_pb_column type=&#8221;4_4&#8243; _builder_version=&#8221;4.16&#8243; global_colors_info=&#8221;{}&#8221;][et_pb_text admin_label=&#8221;logo&#8221; _builder_version=&#8221;4.16&#8243; background_layout=&#8221;dark&#8221; global_colors_info=&#8221;{}&#8221;]<\/p>\n<p><a href=\"https:\/\/hjarnatillsammans.se\/larplattform\/\"><img loading=\"lazy\" decoding=\"async\" class=\"alignleft wp-image-19\" src=\"https:\/\/hjarnatillsammans.se\/larplattform\/wp-content\/uploads\/2019\/10\/logga-200x155.png\" alt=\"\" width=\"120\" height=\"93\" srcset=\"https:\/\/hjarnatillsammans.se\/larplattform\/wp-content\/uploads\/2019\/10\/logga-200x155.png 200w, https:\/\/hjarnatillsammans.se\/larplattform\/wp-content\/uploads\/2019\/10\/logga-200x155-24x19.png 24w, https:\/\/hjarnatillsammans.se\/larplattform\/wp-content\/uploads\/2019\/10\/logga-200x155-36x28.png 36w, https:\/\/hjarnatillsammans.se\/larplattform\/wp-content\/uploads\/2019\/10\/logga-200x155-48x37.png 48w\" sizes=\"(max-width: 120px) 100vw, 120px\" \/><\/a><\/p>\n<p>[\/et_pb_text][\/et_pb_column][\/et_pb_row][et_pb_row _builder_version=&#8221;4.16&#8243; custom_padding=&#8221;||0px||false|false&#8221; global_colors_info=&#8221;{}&#8221;][et_pb_column type=&#8221;4_4&#8243; _builder_version=&#8221;4.16&#8243; global_colors_info=&#8221;{}&#8221;][et_pb_image src=&#8221;https:\/\/hjarnatillsammans.se\/larplattform\/wp-content\/uploads\/2020\/01\/hjarna_utbildning_logga.png&#8221; align=&#8221;center&#8221; module_id=&#8221;lms-start-centered-logo&#8221; _builder_version=&#8221;4.16&#8243; custom_css_main_element=&#8221;top: -120px;&#8221; global_colors_info=&#8221;{}&#8221;][\/et_pb_image][et_pb_text admin_label=&#8221;Text &#8211; introtext&#8221; _builder_version=&#8221;4.16&#8243; text_font_size=&#8221;20px&#8221; background_layout=&#8221;dark&#8221; global_colors_info=&#8221;{}&#8221;]<\/p>\n<h1 style=\"text-align: center;\">Om n\u00e4tverket Hj\u00e4rna Tillsamans<\/h1>\n<p style=\"text-align: center;\">Bakom satsningen med l\u00e4rplattformen Hj\u00e4rna Utbildning st\u00e5r Hj\u00e4rna Tillsammans. Ett n\u00e4tverk som samverkar mot ett gemensamt m\u00e5l! Att st\u00e4rka st\u00f6det och rehabiliteringen f\u00f6r personer med f\u00f6rv\u00e4rvad hj\u00e4rnskada, som f\u00f6ljd av exempelvis stroke eller olycka. Och d\u00e4rmed \u00f6ka m\u00f6jligheten att kunna \u00e5terg\u00e5 till ett s\u00e5 aktivt liv som m\u00f6jligt.<\/p>\n<p>[\/et_pb_text][\/et_pb_column][\/et_pb_row][et_pb_row column_structure=&#8221;1_4,1_4,1_4,1_4&#8243; _builder_version=&#8221;4.16&#8243; global_colors_info=&#8221;{}&#8221;][et_pb_column type=&#8221;1_4&#8243; _builder_version=&#8221;4.16&#8243; global_colors_info=&#8221;{}&#8221;][\/et_pb_column][et_pb_column type=&#8221;1_4&#8243; _builder_version=&#8221;4.16&#8243; global_colors_info=&#8221;{}&#8221;][et_pb_button button_url=&#8221;@ET-DC@eyJkeW5hbWljIjp0cnVlLCJjb250ZW50IjoicG9zdF9saW5rX3VybF9wYWdlIiwic2V0dGluZ3MiOnsicG9zdF9pZCI6IjMzIn19@&#8221; button_text=&#8221;logga in&#8221; button_alignment=&#8221;right&#8221; admin_label=&#8221;Button &#8211; logga in&#8221; _builder_version=&#8221;4.16&#8243; _dynamic_attributes=&#8221;button_url&#8221; custom_button=&#8221;on&#8221; button_text_color=&#8221;#ffffff&#8221; button_bg_color=&#8221;#ffa824&#8243; button_border_width=&#8221;0px&#8221; button_border_radius=&#8221;18px&#8221; button_use_icon=&#8221;off&#8221; global_colors_info=&#8221;{}&#8221; button_bg_color__hover_enabled=&#8221;on|desktop&#8221; button_bg_color__hover=&#8221;#ffffff&#8221; button_bg_enable_color__hover=&#8221;on&#8221; button_text_color__hover_enabled=&#8221;on|hover&#8221; button_text_color__hover=&#8221;#ffa824&#8243;][\/et_pb_button][\/et_pb_column][et_pb_column type=&#8221;1_4&#8243; _builder_version=&#8221;4.16&#8243; global_colors_info=&#8221;{}&#8221;][et_pb_button button_url=&#8221;@ET-DC@eyJkeW5hbWljIjp0cnVlLCJjb250ZW50IjoicG9zdF9saW5rX3VybF9wYWdlIiwic2V0dGluZ3MiOnsicG9zdF9pZCI6IjYxOSJ9fQ==@&#8221; button_text=&#8221;skapa konto&#8221; button_alignment=&#8221;left&#8221; admin_label=&#8221;Button-skapa konto&#8221; _builder_version=&#8221;4.16&#8243; _dynamic_attributes=&#8221;button_url&#8221; custom_button=&#8221;on&#8221; button_text_color=&#8221;#ffffff&#8221; button_bg_color=&#8221;#7F3F97&#8243; button_border_width=&#8221;0px&#8221; button_border_radius=&#8221;18px&#8221; button_use_icon=&#8221;off&#8221; global_colors_info=&#8221;{}&#8221; button_bg_color__hover_enabled=&#8221;on|hover&#8221; button_bg_color__hover=&#8221;#ffffff&#8221; button_bg_enable_color__hover=&#8221;on&#8221; button_text_color__hover_enabled=&#8221;on|hover&#8221; button_text_color__hover=&#8221;#7F3F97&#8243;][\/et_pb_button][\/et_pb_column][et_pb_column type=&#8221;1_4&#8243; _builder_version=&#8221;4.16&#8243; global_colors_info=&#8221;{}&#8221;][\/et_pb_column][\/et_pb_row][\/et_pb_section][et_pb_section fb_built=&#8221;1&#8243; _builder_version=&#8221;4.16&#8243; background_color=&#8221;#ffffff&#8221; custom_padding=&#8221;0px||0px||false|false&#8221; locked=&#8221;off&#8221; collapsed=&#8221;off&#8221; global_colors_info=&#8221;{}&#8221;][et_pb_row _builder_version=&#8221;4.16&#8243; global_colors_info=&#8221;{}&#8221;][et_pb_column type=&#8221;4_4&#8243; _builder_version=&#8221;4.16&#8243; global_colors_info=&#8221;{}&#8221;][et_pb_text admin_label=&#8221;logo&#8221; _builder_version=&#8221;4.16&#8243; background_layout=&#8221;dark&#8221; global_colors_info=&#8221;{}&#8221;]<\/p>\n<p><a href=\"https:\/\/hjarnatillsammans.se\/larplattform\/\"><img loading=\"lazy\" decoding=\"async\" class=\"alignleft wp-image-19\" src=\"https:\/\/hjarnatillsammans.se\/larplattform\/wp-content\/uploads\/2019\/10\/logga-200x155.png\" alt=\"\" width=\"120\" height=\"93\" srcset=\"https:\/\/hjarnatillsammans.se\/larplattform\/wp-content\/uploads\/2019\/10\/logga-200x155.png 200w, https:\/\/hjarnatillsammans.se\/larplattform\/wp-content\/uploads\/2019\/10\/logga-200x155-24x19.png 24w, https:\/\/hjarnatillsammans.se\/larplattform\/wp-content\/uploads\/2019\/10\/logga-200x155-36x28.png 36w, https:\/\/hjarnatillsammans.se\/larplattform\/wp-content\/uploads\/2019\/10\/logga-200x155-48x37.png 48w\" sizes=\"(max-width: 120px) 100vw, 120px\" \/><\/a><\/p>\n<p>[\/et_pb_text][et_pb_menu menu_id=&#8221;14&#8243; menu_style=&#8221;centered&#8221; active_link_color=&#8221;#000000&#8243; _builder_version=&#8221;4.16&#8243; menu_font=&#8221;|700||on|||||&#8221; menu_text_color=&#8221;#3b2314&#8243; menu_font_size=&#8221;15px&#8221; custom_css_active_menu_link=&#8221;border-bottom: 1px solid #111111;&#8221; global_colors_info=&#8221;{}&#8221;][\/et_pb_menu][\/et_pb_column][\/et_pb_row][\/et_pb_section][et_pb_section fb_built=&#8221;1&#8243; _builder_version=&#8221;4.16&#8243; background_color=&#8221;#F8F7F7&#8243; custom_margin=&#8221;-4px||||false|false&#8221; custom_padding=&#8221;0px||0px||false|false&#8221; locked=&#8221;off&#8221; global_colors_info=&#8221;{}&#8221;][et_pb_row admin_label=&#8221;Row&#8221; module_id=&#8221;nerstartsidan&#8221; module_class=&#8221;innehallssida_row_ej_kurs&#8221; _builder_version=&#8221;4.16&#8243; max_width=&#8221;800px&#8221; module_alignment=&#8221;center&#8221; custom_padding=&#8221;50px|100px|50px|100px|false|false&#8221; global_colors_info=&#8221;{}&#8221;][et_pb_column type=&#8221;4_4&#8243; _builder_version=&#8221;4.16&#8243; custom_css_main_element=&#8221;position: static&#8221; global_colors_info=&#8221;{}&#8221;][et_pb_text _builder_version=&#8221;4.22.1&#8243; hover_enabled=&#8221;0&#8243; global_colors_info=&#8221;{}&#8221; sticky_enabled=&#8221;0&#8243;]<\/p>\n<h1>Om n\u00e4tverket Hj\u00e4rna Tillsammans<\/h1>\n<h3>Bakom satsningen med l\u00e4rplattformen st\u00e5r Hj\u00e4rna Tillsammans. Ett n\u00e4tverk som samverkar mot ett gemensamt m\u00e5l! Att st\u00e4rka st\u00f6det och rehabiliteringen f\u00f6r personer med f\u00f6rv\u00e4rvad hj\u00e4rnskada, som f\u00f6ljd av exempelvis stroke eller olycka.<\/h3>\n<p>M\u00e5nga akt\u00f6rer, samma m\u00e5l! Att uppn\u00e5 b\u00e4sta m\u00f6jliga st\u00f6d och rehabilitering f\u00f6r personer med f\u00f6rv\u00e4rvad hj\u00e4rnskada och deras n\u00e4rst\u00e5ende i Stockholms l\u00e4n. N\u00e4tverket Hj\u00e4rna Tillsammans verkar f\u00f6r att g\u00f6ra det \u2013 h\u00e5llbart \u00f6ver tid och oberoende av enstaka eldsj\u00e4lar.<\/p>\n<p>Varje \u00e5r f\u00e5r runt 70 000 personer i Sverige f\u00f6rv\u00e4rvad hj\u00e4rnskada, de flesta efter en stroke. M\u00e5nga med egen erfarenhet av stroke eller annan f\u00f6rv\u00e4rvad hj\u00e4rnskada vittnar om att livet efter utskrivning fr\u00e5n akutsjukv\u00e5rden \u00e4r sv\u00e5rt. Tiden i slutenv\u00e5rden beskrivs som att \u201dg\u00e5 p\u00e5 r\u00f6da mattan\u201d, men d\u00e4refter \u00e4r det som att \u201dfalla ned i ett svart h\u00e5l\u201d. Ofta beh\u00f6ver man st\u00f6d och insatser fr\u00e5n flera h\u00e5ll. Men att veta hur, n\u00e4r och var \u00e4r inte alltid l\u00e4tt. M\u00e5nga akt\u00f6rer och huvudm\u00e4n \u00e4r inblandade i rehabiliteringen och st\u00f6det.<\/p>\n<p>I oktober 2015 startade Hj\u00e4rna Tillsammans, finansierat av Allm\u00e4nna arvsfonden. 2019 \u00f6vergick det i en annan konstellation men med samma \u00f6vergripande m\u00e5l och n\u00e4tverk, nu finansierat av Region Stockholm.<\/p>\n<p>Hj\u00e4rna Tillsammans har \u00f6ver tid arbetat fram en nyskapande n\u00e4tverksmodell genom s\u00f6ml\u00f6s samverkan, h\u00e5llbar \u00f6ver tid och oberoende av enstaka eldsj\u00e4lar. Modellen kan bidra till att fr\u00e4mja psykisk h\u00e4lsa, v\u00e4xtkraft, medskapande, inflytande och kunskapsutbyte \u2013 f\u00f6r personer med f\u00f6rv\u00e4rvad hj\u00e4rnskada, men \u00e4ven deras n\u00e4rst\u00e5ende och personal inom ber\u00f6rda verksamheter.<\/p>\n<p>I n\u00e4tverk samarbetar m\u00e5nga olika akt\u00f6rer inom rehabilitering och st\u00f6d. Vid samma bord sitter v\u00e5rdgivare, patientf\u00f6reningar och m\u00e5lgruppen och samverkar mot ett gemensamt m\u00e5l. Arbetsgrupper i n\u00e4tverket arbetar fram varje aktivitet som Hj\u00e4rna Tillsammans startar. Nya grupper tillkommer hela tiden och n\u00e4tverket v\u00e4xer. Allt f\u00f6r att minimera risken att \u201dfalla ner i det svarta h\u00e5let\u201d.<\/p>\n<p>H\u00f6sten 2021 startade Hj\u00e4rna Tillsammans och Afasif\u00f6reningen i Stockholms L\u00e4n projektet Hj\u00e4rna M\u00e5 Bra. Med drygt 4 miljoner kr fr\u00e5n Allm\u00e4nna Arvsfonden g\u00f6rs en tre\u00e5rig satsning p\u00e5 aktiviteter, information och utbildning f\u00f6r att fr\u00e4mja h\u00e4lsa f\u00f6r personer med f\u00f6rv\u00e4rvad hj\u00e4rnskadade och deras n\u00e4rst\u00e5ende. Det handlar bland annat om att fler ska kunna ta del av anpassad fysisk aktivitet, f\u00f6rst\u00e4rkt anh\u00f6rigst\u00f6d och \u00f6kad kunskapsspridning.<\/p>\n<h3>Hj\u00e4rna Tillsammans k\u00e4rnomr\u00e5den \u00e4r:<\/h3>\n<ul>\n<li>N\u00e4tverksgrupper<\/li>\n<li>Utbildningar &amp; l\u00e4rplattform \u201cHj\u00e4rna Utbildning<\/li>\n<li>Tisdagstr\u00e4ffar<\/li>\n<li>Hj\u00e4rna Tillsammans webbplats \u2013 <a href=\"https:\/\/hjarnatillsammans.se\/\">www.hjarnatillsammans.se \u00a0 \u00a0<\/a><\/li>\n<li>Kamratst\u00f6djare<\/li>\n<li>Projektet Hj\u00e4rna M\u00e5 Bra<\/li>\n<\/ul>\n<p>L\u00e4s mer om Hj\u00e4rna Tillsammans verksamhet <a href=\"https:\/\/hjarnatillsammans.se\/\">h\u00e4r&gt;&gt;<\/a><\/p>\n<p>[\/et_pb_text][et_pb_code module_class=&#8221;page-icons&#8221; _builder_version=&#8221;4.16&#8243; global_colors_info=&#8221;{}&#8221;]<div class=\"sc-page-icons\">\n    <div class=\"like\"><a class=\"icon-like\"><\/a><\/div>\n    <div class=\"pdfprnt-buttons\"><a href=\"https:\/\/hjarnatillsammans.se\/larplattform\/wp-json\/wp\/v2\/pages\/518?print=pdf\" class=\"pdfprnt-button pdfprnt-button-pdf\" target=\"_blank\"><img decoding=\"async\" src=\"https:\/\/hjarnatillsammans.se\/larplattform\/wp-content\/plugins\/pdf-print\/images\/pdf.png\" alt=\"image_pdf\" title=\"View PDF\" \/><\/a><\/div><\/div>[\/et_pb_code][\/et_pb_column][\/et_pb_row][\/et_pb_section][et_pb_section fb_built=&#8221;1&#8243; disabled_on=&#8221;on|on|on&#8221; _builder_version=&#8221;4.16&#8243; background_color=&#8221;#ffffff&#8221; disabled=&#8221;on&#8221; collapsed=&#8221;on&#8221; global_colors_info=&#8221;{}&#8221;][et_pb_row _builder_version=&#8221;4.16&#8243; custom_margin=&#8221;0px||0px||false|false&#8221; custom_padding=&#8221;0px||0px||false|false&#8221; locked=&#8221;off&#8221; global_colors_info=&#8221;{}&#8221;][et_pb_column type=&#8221;4_4&#8243; _builder_version=&#8221;4.16&#8243; global_colors_info=&#8221;{}&#8221;][et_pb_image src=&#8221;https:\/\/hjarnatillsammans.se\/larplattform\/wp-content\/uploads\/2020\/01\/pil_ner.png&#8221; url=&#8221;#nerstartsidan&#8221; align=&#8221;center&#8221; admin_label=&#8221;Pil ner&#8221; _builder_version=&#8221;4.16&#8243; global_colors_info=&#8221;{}&#8221;][\/et_pb_image][\/et_pb_column][\/et_pb_row][et_pb_row module_id=&#8221;nerstartsidan&#8221; _builder_version=&#8221;4.16&#8243; max_width=&#8221;800px&#8221; module_alignment=&#8221;center&#8221; global_colors_info=&#8221;{}&#8221;][et_pb_column type=&#8221;4_4&#8243; _builder_version=&#8221;4.16&#8243; global_colors_info=&#8221;{}&#8221;][et_pb_text _builder_version=&#8221;4.16&#8243; locked=&#8221;off&#8221; global_colors_info=&#8221;{}&#8221;]<\/p>\n<p>M\u00e5nga akt\u00f6rer, samma m\u00e5l! Att uppn\u00e5 b\u00e4sta m\u00f6jliga st\u00f6d och rehabilitering f\u00f6r personer med f\u00f6rv\u00e4rvad hj\u00e4rnskada och deras n\u00e4rst\u00e5ende i Stockholms l\u00e4n. N\u00e4tverket Hj\u00e4rna Tillsammans verkar f\u00f6r att g\u00f6ra det \u2013 h\u00e5llbart \u00f6ver tid och oberoende av enstaka eldsj\u00e4lar.<\/p>\n<p>Varje \u00e5r f\u00e5r runt 70 000 personer i Sverige f\u00f6rv\u00e4rvad hj\u00e4rnskada, de flesta efter en stroke. M\u00e5nga med egen erfarenhet av stroke eller annan f\u00f6rv\u00e4rvad hj\u00e4rnskada vittnar om att livet efter utskrivning fr\u00e5n akutsjukv\u00e5rden \u00e4r sv\u00e5rt. Tiden i slutenv\u00e5rden beskrivs som att \u201dg\u00e5 p\u00e5 r\u00f6da mattan\u201d, men d\u00e4refter \u00e4r det som att \u201dfalla ned i ett svart h\u00e5l\u201d. Ofta beh\u00f6ver man st\u00f6d och insatser fr\u00e5n flera h\u00e5ll. Men att veta hur, n\u00e4r och var \u00e4r inte alltid l\u00e4tt. M\u00e5nga akt\u00f6rer och huvudm\u00e4n \u00e4r inblandade i rehabiliteringen och st\u00f6det.<\/p>\n<p>I oktober 2015 startade Hj\u00e4rna Tillsammans, finansierat av Allm\u00e4nna arvsfonden. 2019 \u00f6vergick det i en annan konstellation men med samma \u00f6vergripande m\u00e5l och n\u00e4tverk, nu finansierat av Region Stockholm.<\/p>\n<p>Hj\u00e4rna Tillsammans har \u00f6ver tid arbetat fram en nyskapande n\u00e4tverksmodell genom s\u00f6ml\u00f6s samverkan, h\u00e5llbar \u00f6ver tid och oberoende av enstaka eldsj\u00e4lar. Modellen kan bidra till att fr\u00e4mja psykisk h\u00e4lsa, v\u00e4xtkraft, medskapande, inflytande och kunskapsutbyte \u2013 f\u00f6r personer med f\u00f6rv\u00e4rvad hj\u00e4rnskada, men \u00e4ven deras n\u00e4rst\u00e5ende och personal inom ber\u00f6rda verksamheter.<\/p>\n<p>I n\u00e4tverk samarbetar m\u00e5nga olika akt\u00f6rer inom rehabilitering och st\u00f6d. Vid samma bord sitter v\u00e5rdgivare, patientf\u00f6reningar och m\u00e5lgruppen och samverkar mot ett gemensamt m\u00e5l. Arbetsgrupper i n\u00e4tverket arbetar fram varje aktivitet som Hj\u00e4rna Tillsammans startar. Nya grupper tillkommer hela tiden och n\u00e4tverket v\u00e4xer. Allt f\u00f6r att minimera risken att \u201dfalla ner i det svarta h\u00e5let\u201d.<\/p>\n<h3>Hj\u00e4rna Tillsammans k\u00e4rnomr\u00e5den \u00e4r:<\/h3>\n<ul>\n<li>N\u00e4tverksgrupper<\/li>\n<li>Utbildningar &amp; l\u00e4rplattform \u201cHj\u00e4rna Utbildning\u201d<\/li>\n<li>Blogg<\/li>\n<li>Tisdagstr\u00e4ffar<\/li>\n<li>N\u00e4rst\u00e5endetr\u00e4ffar<\/li>\n<li>Hj\u00e4rna Tillsammans webbplats \u2013 <a href=\"https:\/\/hjarnatillsammans.se\/\">www.hjarnatillsammans.se <\/a><\/li>\n<li>Erfarenhetscoacher<\/li>\n<\/ul>\n<p>L\u00e4s mer om Hj\u00e4rna Tillsammans verksamhet <a href=\"https:\/\/hjarnatillsammans.se\/\">h\u00e4r&gt;&gt;<\/a><\/p>\n<p>[\/et_pb_text][\/et_pb_column][\/et_pb_row][\/et_pb_section][et_pb_section fb_built=&#8221;1&#8243; _builder_version=&#8221;4.16&#8243; collapsed=&#8221;on&#8221; global_colors_info=&#8221;{}&#8221;][et_pb_row admin_label=&#8221;footer&#8221; module_class=&#8221;footer_rad&#8221; _builder_version=&#8221;4.4.7&#8243; custom_padding=&#8221;55px||||false|false&#8221; global_module=&#8221;845&#8243; global_colors_info=&#8221;{}&#8221;][et_pb_column type=&#8221;4_4&#8243; _builder_version=&#8221;4.16&#8243; global_colors_info=&#8221;{}&#8221;][et_pb_text _builder_version=&#8221;4.16&#8243; global_colors_info=&#8221;{}&#8221;]<\/p>\n<p style=\"text-align: center;\"><img loading=\"lazy\" decoding=\"async\" class=\"wp-image-19 size-full aligncenter\" src=\"https:\/\/hjarnatillsammans.se\/larplattform\/wp-content\/uploads\/2019\/10\/logga-200x155.png\" alt=\"\" width=\"200\" height=\"155\" srcset=\"https:\/\/hjarnatillsammans.se\/larplattform\/wp-content\/uploads\/2019\/10\/logga-200x155.png 200w, https:\/\/hjarnatillsammans.se\/larplattform\/wp-content\/uploads\/2019\/10\/logga-200x155-24x19.png 24w, https:\/\/hjarnatillsammans.se\/larplattform\/wp-content\/uploads\/2019\/10\/logga-200x155-36x28.png 36w, https:\/\/hjarnatillsammans.se\/larplattform\/wp-content\/uploads\/2019\/10\/logga-200x155-48x37.png 48w\" sizes=\"(max-width: 200px) 100vw, 200px\" \/><br \/>Hj\u00e4rna Tillsammans \u00e4r ett n\u00e4tverk med syfte att st\u00e4rka st\u00f6det och<br \/>rehabiliteringen f\u00f6r personer med f\u00f6rv\u00e4rvad hj\u00e4rnskada<br \/><a href=\"https:\/\/hjarnatillsammans.se\/\">www.hjarnatillsammans.se<\/a><br \/><a href=\"mailto:info@hjarnatillsammans.se\">info@hjarnatillsammans.se<\/a><\/p>\n<p>[\/et_pb_text][\/et_pb_column][\/et_pb_row][\/et_pb_section]<\/p>\n","protected":false},"excerpt":{"rendered":"<p>Om n\u00e4tverket Hj\u00e4rna Tillsamans Bakom satsningen med l\u00e4rplattformen Hj\u00e4rna Utbildning st\u00e5r Hj\u00e4rna Tillsammans. Ett n\u00e4tverk som samverkar mot ett gemensamt m\u00e5l! Att st\u00e4rka st\u00f6det och rehabiliteringen f\u00f6r personer med f\u00f6rv\u00e4rvad hj\u00e4rnskada, som f\u00f6ljd av exempelvis stroke eller olycka. Och d\u00e4rmed \u00f6ka m\u00f6jligheten att kunna \u00e5terg\u00e5 till ett s\u00e5 aktivt liv som m\u00f6jligt.Om n\u00e4tverket Hj\u00e4rna Tillsamans [&hellip;]<\/p>\n","protected":false},"author":1,"featured_media":0,"parent":0,"menu_order":0,"comment_status":"closed","ping_status":"closed","template":"page-template-blank.php","meta":{"_acf_changed":false,"_et_pb_use_builder":"on","_et_pb_old_content":"","_et_gb_content_width":"","footnotes":""},"class_list":["post-518","page","type-page","status-publish","hentry"],"acf":[],"_links":{"self":[{"href":"https:\/\/hjarnatillsammans.se\/larplattform\/wp-json\/wp\/v2\/pages\/518","targetHints":{"allow":["GET"]}}],"collection":[{"href":"https:\/\/hjarnatillsammans.se\/larplattform\/wp-json\/wp\/v2\/pages"}],"about":[{"href":"https:\/\/hjarnatillsammans.se\/larplattform\/wp-json\/wp\/v2\/types\/page"}],"author":[{"embeddable":true,"href":"https:\/\/hjarnatillsammans.se\/larplattform\/wp-json\/wp\/v2\/users\/1"}],"replies":[{"embeddable":true,"href":"https:\/\/hjarnatillsammans.se\/larplattform\/wp-json\/wp\/v2\/comments?post=518"}],"version-history":[{"count":41,"href":"https:\/\/hjarnatillsammans.se\/larplattform\/wp-json\/wp\/v2\/pages\/518\/revisions"}],"predecessor-version":[{"id":7535,"href":"https:\/\/hjarnatillsammans.se\/larplattform\/wp-json\/wp\/v2\/pages\/518\/revisions\/7535"}],"wp:attachment":[{"href":"https:\/\/hjarnatillsammans.se\/larplattform\/wp-json\/wp\/v2\/media?parent=518"}],"curies":[{"name":"wp","href":"https:\/\/api.w.org\/{rel}","templated":true}]}}