{"id":511,"date":"2019-12-29T18:57:04","date_gmt":"2019-12-29T17:57:04","guid":{"rendered":"https:\/\/hjarnatillsammans.se\/larplattform\/?page_id=511"},"modified":"2023-09-11T14:00:32","modified_gmt":"2023-09-11T12:00:32","slug":"om-plattformen","status":"publish","type":"page","link":"https:\/\/hjarnatillsammans.se\/larplattform\/om-plattformen\/","title":{"rendered":"Om plattformen"},"content":{"rendered":"<p>[et_pb_section fb_built=&#8221;1&#8243; disabled_on=&#8221;on|on|on&#8221; _builder_version=&#8221;4.16&#8243; use_background_color_gradient=&#8221;on&#8221; background_color_gradient_direction=&#8221;129deg&#8221; background_color_gradient_stops=&#8221;#ff6334 12%|#B363D1 120%&#8221; background_color_gradient_start=&#8221;#ff6334&#8243; background_color_gradient_start_position=&#8221;12%&#8221; background_color_gradient_end=&#8221;#B363D1&#8243; background_color_gradient_end_position=&#8221;120%&#8221; background_enable_image=&#8221;off&#8221; background_size=&#8221;contain&#8221; custom_padding=&#8221;0px||||false|false&#8221; disabled=&#8221;on&#8221; collapsed=&#8221;on&#8221; global_colors_info=&#8221;{}&#8221;][et_pb_row _builder_version=&#8221;4.16&#8243; width=&#8221;100%&#8221; max_width=&#8221;90%&#8221; global_colors_info=&#8221;{}&#8221;][et_pb_column type=&#8221;4_4&#8243; _builder_version=&#8221;4.16&#8243; global_colors_info=&#8221;{}&#8221;][et_pb_text admin_label=&#8221;logo&#8221; _builder_version=&#8221;4.16&#8243; background_layout=&#8221;dark&#8221; locked=&#8221;off&#8221; global_colors_info=&#8221;{}&#8221;]<\/p>\n<p><a href=\"https:\/\/hjarnatillsammans.se\/larplattform\/\"><img loading=\"lazy\" decoding=\"async\" class=\"alignleft wp-image-19\" src=\"https:\/\/hjarnatillsammans.se\/larplattform\/wp-content\/uploads\/2019\/10\/logga-200x155.png\" alt=\"\" width=\"120\" height=\"93\" srcset=\"https:\/\/hjarnatillsammans.se\/larplattform\/wp-content\/uploads\/2019\/10\/logga-200x155.png 200w, https:\/\/hjarnatillsammans.se\/larplattform\/wp-content\/uploads\/2019\/10\/logga-200x155-24x19.png 24w, https:\/\/hjarnatillsammans.se\/larplattform\/wp-content\/uploads\/2019\/10\/logga-200x155-36x28.png 36w, https:\/\/hjarnatillsammans.se\/larplattform\/wp-content\/uploads\/2019\/10\/logga-200x155-48x37.png 48w\" sizes=\"(max-width: 120px) 100vw, 120px\" \/><\/a><\/p>\n<p>[\/et_pb_text][\/et_pb_column][\/et_pb_row][et_pb_row _builder_version=&#8221;4.16&#8243; global_colors_info=&#8221;{}&#8221;][et_pb_column type=&#8221;4_4&#8243; _builder_version=&#8221;4.16&#8243; global_colors_info=&#8221;{}&#8221;][et_pb_image src=&#8221;https:\/\/hjarnatillsammans.se\/larplattform\/wp-content\/uploads\/2020\/01\/hjarna_utbildning_logga.png&#8221; align=&#8221;center&#8221; _builder_version=&#8221;4.16&#8243; locked=&#8221;off&#8221; global_colors_info=&#8221;{}&#8221;][\/et_pb_image][et_pb_text admin_label=&#8221;Text &#8211; introtext&#8221; _builder_version=&#8221;4.16&#8243; text_font_size=&#8221;20px&#8221; background_layout=&#8221;dark&#8221; global_colors_info=&#8221;{}&#8221;]<\/p>\n<h1 style=\"text-align: center;\">Ett lyft f\u00f6r l\u00e4rande och inspiration!<\/h1>\n<p style=\"text-align: center;\">Ett kursskafferi \u2013 en webbutbildning, i klassrum, material eller i en mix &#8211; enkelt, engagerande, flexibelt \u2013 n\u00e4r det passar dig. Hj\u00e4rna Utbildning \u00e4r Hj\u00e4rna Tillsammans l\u00e4rplattform.<\/p>\n<p>[\/et_pb_text][\/et_pb_column][\/et_pb_row][et_pb_row column_structure=&#8221;1_4,1_4,1_4,1_4&#8243; _builder_version=&#8221;4.16&#8243; global_colors_info=&#8221;{}&#8221;][et_pb_column type=&#8221;1_4&#8243; _builder_version=&#8221;4.16&#8243; global_colors_info=&#8221;{}&#8221;][\/et_pb_column][et_pb_column type=&#8221;1_4&#8243; _builder_version=&#8221;4.16&#8243; global_colors_info=&#8221;{}&#8221;][et_pb_button button_url=&#8221;@ET-DC@eyJkeW5hbWljIjp0cnVlLCJjb250ZW50IjoicG9zdF9saW5rX3VybF9wYWdlIiwic2V0dGluZ3MiOnsicG9zdF9pZCI6IjMzIn19@&#8221; button_text=&#8221;logga in&#8221; button_alignment=&#8221;right&#8221; admin_label=&#8221;Button &#8211; logga in&#8221; _builder_version=&#8221;4.16&#8243; _dynamic_attributes=&#8221;button_url&#8221; custom_button=&#8221;on&#8221; button_text_color=&#8221;#ffffff&#8221; button_bg_color=&#8221;#ffa824&#8243; button_border_width=&#8221;0px&#8221; button_border_radius=&#8221;18px&#8221; button_use_icon=&#8221;off&#8221; global_colors_info=&#8221;{}&#8221; button_bg_color__hover_enabled=&#8221;on|desktop&#8221; button_bg_color__hover=&#8221;#ffffff&#8221; button_bg_enable_color__hover=&#8221;on&#8221; button_text_color__hover_enabled=&#8221;on|hover&#8221; button_text_color__hover=&#8221;#ffa824&#8243;][\/et_pb_button][\/et_pb_column][et_pb_column type=&#8221;1_4&#8243; _builder_version=&#8221;4.16&#8243; global_colors_info=&#8221;{}&#8221;][et_pb_button button_url=&#8221;@ET-DC@eyJkeW5hbWljIjp0cnVlLCJjb250ZW50IjoicG9zdF9saW5rX3VybF9wYWdlIiwic2V0dGluZ3MiOnsicG9zdF9pZCI6IjYxOSJ9fQ==@&#8221; button_text=&#8221;skapa konto&#8221; button_alignment=&#8221;left&#8221; admin_label=&#8221;Button-skapa konto&#8221; _builder_version=&#8221;4.16&#8243; _dynamic_attributes=&#8221;button_url&#8221; custom_button=&#8221;on&#8221; button_text_color=&#8221;#ffffff&#8221; button_bg_color=&#8221;#7F3F97&#8243; button_border_width=&#8221;0px&#8221; button_border_radius=&#8221;18px&#8221; button_use_icon=&#8221;off&#8221; locked=&#8221;off&#8221; global_colors_info=&#8221;{}&#8221; button_bg_color__hover_enabled=&#8221;on|hover&#8221; button_bg_color__hover=&#8221;#ffffff&#8221; button_bg_enable_color__hover=&#8221;on&#8221; button_text_color__hover_enabled=&#8221;on|hover&#8221; button_text_color__hover=&#8221;#7F3F97&#8243;][\/et_pb_button][\/et_pb_column][et_pb_column type=&#8221;1_4&#8243; _builder_version=&#8221;4.16&#8243; global_colors_info=&#8221;{}&#8221;][\/et_pb_column][\/et_pb_row][\/et_pb_section][et_pb_section fb_built=&#8221;1&#8243; disabled_on=&#8221;on|on|on&#8221; admin_label=&#8221;Section &#8211; LMS TOP&#8221; _builder_version=&#8221;4.16&#8243; use_background_color_gradient=&#8221;on&#8221; background_color_gradient_direction=&#8221;129deg&#8221; background_color_gradient_stops=&#8221;#ff6334 12%|#B363D1 120%&#8221; background_color_gradient_start=&#8221;#ff6334&#8243; background_color_gradient_start_position=&#8221;12%&#8221; background_color_gradient_end=&#8221;#B363D1&#8243; background_color_gradient_end_position=&#8221;120%&#8221; background_enable_image=&#8221;off&#8221; background_size=&#8221;contain&#8221; custom_padding=&#8221;0px||15px||false|false&#8221; disabled=&#8221;on&#8221; collapsed=&#8221;on&#8221; global_colors_info=&#8221;{}&#8221;][et_pb_row _builder_version=&#8221;4.16&#8243; custom_padding=&#8221;||0px||false|false&#8221; global_colors_info=&#8221;{}&#8221;][et_pb_column type=&#8221;4_4&#8243; _builder_version=&#8221;4.16&#8243; global_colors_info=&#8221;{}&#8221;][et_pb_image src=&#8221;https:\/\/hjarnatillsammans.se\/larplattform\/wp-content\/uploads\/2020\/01\/hjarna_utbildning_logga.png&#8221; align=&#8221;center&#8221; module_id=&#8221;lms-start-centered-logo&#8221; _builder_version=&#8221;4.16&#8243; custom_css_main_element=&#8221;top: -120px;&#8221; global_colors_info=&#8221;{}&#8221;][\/et_pb_image][et_pb_text admin_label=&#8221;Text &#8211; introtext&#8221; _builder_version=&#8221;4.16&#8243; text_font_size=&#8221;20px&#8221; global_colors_info=&#8221;{}&#8221;]<\/p>\n<h1 style=\"text-align: center;\">Ett lyft f\u00f6r l\u00e4rande och inspiration!<\/h1>\n<p style=\"text-align: center;\">Ett kursskafferi \u2013 en webbutbildning, i klassrum, material eller i en mix<br \/>\u2013 enkelt, engagerande, flexibelt \u2013 n\u00e4r det passar dig.<br \/>Hj\u00e4rna Utbildning \u00e4r Hj\u00e4rna Tillsammans l\u00e4rplattform.<\/p>\n<p>[\/et_pb_text][\/et_pb_column][\/et_pb_row][et_pb_row column_structure=&#8221;1_4,1_4,1_4,1_4&#8243; _builder_version=&#8221;4.16&#8243; global_colors_info=&#8221;{}&#8221;][et_pb_column type=&#8221;1_4&#8243; _builder_version=&#8221;4.16&#8243; global_colors_info=&#8221;{}&#8221;][\/et_pb_column][et_pb_column type=&#8221;1_4&#8243; _builder_version=&#8221;4.16&#8243; global_colors_info=&#8221;{}&#8221;][et_pb_button button_url=&#8221;@ET-DC@eyJkeW5hbWljIjp0cnVlLCJjb250ZW50IjoicG9zdF9saW5rX3VybF9wYWdlIiwic2V0dGluZ3MiOnsicG9zdF9pZCI6IjMzIn19@&#8221; button_text=&#8221;logga in&#8221; button_alignment=&#8221;right&#8221; admin_label=&#8221;Button &#8211; logga in&#8221; _builder_version=&#8221;4.16&#8243; _dynamic_attributes=&#8221;button_url&#8221; custom_button=&#8221;on&#8221; button_text_color=&#8221;#ffffff&#8221; button_bg_color=&#8221;#ffa824&#8243; button_border_width=&#8221;0px&#8221; button_border_radius=&#8221;18px&#8221; button_use_icon=&#8221;off&#8221; global_colors_info=&#8221;{}&#8221; button_bg_color__hover_enabled=&#8221;on|desktop&#8221; button_bg_color__hover=&#8221;#ffffff&#8221; button_bg_enable_color__hover=&#8221;on&#8221; button_text_color__hover_enabled=&#8221;on|hover&#8221; button_text_color__hover=&#8221;#ffa824&#8243;][\/et_pb_button][\/et_pb_column][et_pb_column type=&#8221;1_4&#8243; _builder_version=&#8221;4.16&#8243; global_colors_info=&#8221;{}&#8221;][et_pb_button button_url=&#8221;@ET-DC@eyJkeW5hbWljIjp0cnVlLCJjb250ZW50IjoicG9zdF9saW5rX3VybF9wYWdlIiwic2V0dGluZ3MiOnsicG9zdF9pZCI6IjYxOSJ9fQ==@&#8221; button_text=&#8221;skapa konto&#8221; button_alignment=&#8221;left&#8221; admin_label=&#8221;Button-skapa konto&#8221; _builder_version=&#8221;4.16&#8243; _dynamic_attributes=&#8221;button_url&#8221; custom_button=&#8221;on&#8221; button_text_color=&#8221;#ffffff&#8221; button_bg_color=&#8221;#7F3F97&#8243; button_border_width=&#8221;0px&#8221; button_border_radius=&#8221;18px&#8221; button_use_icon=&#8221;off&#8221; global_colors_info=&#8221;{}&#8221; button_bg_color__hover_enabled=&#8221;on|hover&#8221; button_bg_color__hover=&#8221;#ffffff&#8221; button_bg_enable_color__hover=&#8221;on&#8221; button_text_color__hover_enabled=&#8221;on|hover&#8221; button_text_color__hover=&#8221;#7F3F97&#8243;][\/et_pb_button][\/et_pb_column][et_pb_column type=&#8221;1_4&#8243; _builder_version=&#8221;4.16&#8243; global_colors_info=&#8221;{}&#8221;][\/et_pb_column][\/et_pb_row][\/et_pb_section][et_pb_section fb_built=&#8221;1&#8243; _builder_version=&#8221;4.16&#8243; background_color=&#8221;#ffffff&#8221; custom_padding=&#8221;0px||0px||false|false&#8221; global_colors_info=&#8221;{}&#8221;][et_pb_row _builder_version=&#8221;4.16&#8243; global_colors_info=&#8221;{}&#8221;][et_pb_column type=&#8221;4_4&#8243; _builder_version=&#8221;4.16&#8243; global_colors_info=&#8221;{}&#8221;][et_pb_text admin_label=&#8221;logo&#8221; _builder_version=&#8221;4.16&#8243; background_layout=&#8221;dark&#8221; global_colors_info=&#8221;{}&#8221;]<\/p>\n<p><a href=\"https:\/\/hjarnatillsammans.se\/larplattform\/\"><img loading=\"lazy\" decoding=\"async\" class=\"alignleft wp-image-19\" src=\"https:\/\/hjarnatillsammans.se\/larplattform\/wp-content\/uploads\/2019\/10\/logga-200x155.png\" alt=\"\" width=\"120\" height=\"93\" srcset=\"https:\/\/hjarnatillsammans.se\/larplattform\/wp-content\/uploads\/2019\/10\/logga-200x155.png 200w, https:\/\/hjarnatillsammans.se\/larplattform\/wp-content\/uploads\/2019\/10\/logga-200x155-24x19.png 24w, https:\/\/hjarnatillsammans.se\/larplattform\/wp-content\/uploads\/2019\/10\/logga-200x155-36x28.png 36w, https:\/\/hjarnatillsammans.se\/larplattform\/wp-content\/uploads\/2019\/10\/logga-200x155-48x37.png 48w\" sizes=\"(max-width: 120px) 100vw, 120px\" \/><\/a><\/p>\n<p>[\/et_pb_text][et_pb_menu menu_id=&#8221;14&#8243; menu_style=&#8221;centered&#8221; active_link_color=&#8221;#000000&#8243; _builder_version=&#8221;4.16&#8243; menu_font=&#8221;|700||on|||||&#8221; menu_text_color=&#8221;#3b2314&#8243; menu_font_size=&#8221;15px&#8221; custom_css_active_menu_link=&#8221;border-bottom: 1px solid #111111;&#8221; locked=&#8221;off&#8221; global_colors_info=&#8221;{}&#8221;][\/et_pb_menu][\/et_pb_column][\/et_pb_row][\/et_pb_section][et_pb_section fb_built=&#8221;1&#8243; _builder_version=&#8221;4.16&#8243; background_color=&#8221;#F8F7F7&#8243; custom_margin=&#8221;-4px||||false|false&#8221; custom_padding=&#8221;0px||0px||false|false&#8221; global_colors_info=&#8221;{}&#8221;][et_pb_row admin_label=&#8221;Row&#8221; module_id=&#8221;nerstartsidan&#8221; module_class=&#8221;innehallssida_row_ej_kurs&#8221; _builder_version=&#8221;4.16&#8243; max_width=&#8221;800px&#8221; module_alignment=&#8221;center&#8221; custom_padding=&#8221;50px|100px|50px|100px|false|false&#8221; global_colors_info=&#8221;{}&#8221;][et_pb_column type=&#8221;4_4&#8243; _builder_version=&#8221;4.16&#8243; custom_css_main_element=&#8221;position: static&#8221; global_colors_info=&#8221;{}&#8221;][et_pb_text _builder_version=&#8221;4.22.1&#8243; hover_enabled=&#8221;0&#8243; global_colors_info=&#8221;{}&#8221; sticky_enabled=&#8221;0&#8243;]<\/p>\n<h1>Om l\u00e4rplattformen<\/h1>\n<h3>Ett lyft f\u00f6r l\u00e4rande och inspiration! Ett kursskafferi \u2013 en webbutbildning, i klassrum, material eller i en mix \u2013 enkelt, engagerande, flexibelt \u2013 n\u00e4r det passar dig.<br \/>Hj\u00e4rna Utbildning \u00e4r Hj\u00e4rna Tillsammans l\u00e4rplattform.<\/h3>\n<p>Hj\u00e4rna Tillsammans och projektet Hj\u00e4rna M\u00e5 Bra arbetar l\u00f6pande med att ta fram utbildningar inom omr\u00e5den som kan \u00f6ka h\u00e4lsan, underl\u00e4tta vardagen och f\u00f6rb\u00e4ttra livskvaliteten f\u00f6r v\u00e5ra m\u00e5lgrupper. Tanken \u00e4r att v\u00e5ra utbildningar ska \u00f6ka kunskap, inspirera och st\u00e4rka m\u00f6jligheten f\u00f6r personer med f\u00f6rv\u00e4rvad hj\u00e4rnskada att hitta v\u00e4gar fram\u00e5t i sin nya livssituation. \u00c4mnena \u00e4r utvalda utifr\u00e5n vilka satsningar som kan g\u00f6ra st\u00f6rst skillnad.<\/p>\n<p>Utbildningarna v\u00e4nder sig till personer med f\u00f6rv\u00e4rvad hj\u00e4rnskada, deras anh\u00f6riga och h\u00e4lso- och v\u00e5rdpersonal med flera. Kurserna \u00e4r gratis och \u00f6ppna f\u00f6r alla, och kan n\u00e5s via dator, mobil eller surfplatta.<\/p>\n<h4>L\u00e4rplattformen byggs ut successivt<\/h4>\n<p>Idag finns tv\u00e5 kurser tillg\u00e4ngliga p\u00e5 Hj\u00e4rna Tillsammans Utbildning:<\/p>\n<p><em><strong>\u2013 Kommunikationsst\u00f6d<\/strong><\/em>: Utbildningen v\u00e4nder sig till dig som i olika sammanhang m\u00f6ter personer med nedsatt kommunikationsf\u00f6rm\u00e5ga efter exempelvis en stroke eller olycka. Utbildningen ger tips p\u00e5 hur du med enkla medel kan g\u00f6ra f\u00f6r\u00e4ndringar som underl\u00e4ttar kommunikationen. Den ger \u00e4ven en allm\u00e4n orientering om kommunikationssv\u00e5righeter.<\/p>\n<p><em><strong>\u2013 Rehabiliterande f\u00f6rh\u00e5llningss\u00e4tt:<\/strong><\/em>\u00a0Utbildningen v\u00e4nder sig till dig som i olika sammanhang m\u00f6ter personer med dolda funktionsneds\u00e4ttningar efter en f\u00f6rv\u00e4rvad hj\u00e4rnskada. Du f\u00e5r l\u00e4ra dig hur du kan medverka till att en person kan f\u00e5 \u00f6kad kontroll och delaktighet i sin vardag efter en f\u00f6rv\u00e4rvad hj\u00e4rnskada. Utbildningen \u00e4r \u00e4ven l\u00e4mpad f\u00f6r anh\u00f6riga.<\/p>\n<p>Hj\u00e4rna Tillsammans Utbildning byggs successivt ut med fler kursmoduler och utbildningar. Hj\u00e4rna Tillsammans n\u00e4tverk med experter inom olika \u00e4mnesomr\u00e5den hj\u00e4lper till att ta fram och utveckla utbildningarna. Under arbetets g\u00e5ng involverar utbildningsgrupperna \u00e4ven personer med egen skada f\u00f6r att testa uppl\u00e4gg och inneh\u00e5ll samt f\u00f6ra in deras kunskaper och erfarenheter. De agerar \u00e4ven i filmer och \u00e4r med och skriver manus.<\/p>\n<p>Med projektet\u00a0<a href=\"https:\/\/hjarnatillsammans.se\/vi-gor\/hjarna-ma-bra\/\" target=\"_blank\" rel=\"noopener\">Hj\u00e4rna M\u00e5 Bra<\/a>\u00a0vill vi fr\u00e4mja fysisk och psykisk h\u00e4lsa hos personer med f\u00f6rv\u00e4rvad hj\u00e4rnskada och deras n\u00e4rst\u00e5ende. Projektet samlar v\u00e5rdprofessionen och de med egen erfarenhet av f\u00f6rv\u00e4rvad hj\u00e4rnskada f\u00f6r att utbyta id\u00e9er och kunskap. I projektet ing\u00e5r \u00e4ven utveckling av befintliga utbildningar och framtagning av nya kurser till l\u00e4rplattformen Hj\u00e4rna Tillsammans Utbildning.<\/p>\n<h3>Hur kommer \u00e5t utbildningsportalen?<\/h3>\n<p>F\u00f6rsta g\u00e5ngen du bes\u00f6ker utbildningsportalen beh\u00f6ver du skapa ett anv\u00e4ndarkonto med anv\u00e4ndarnamn och l\u00f6senord. N\u00e4r du sedan \u00e4r inloggad kan du g\u00e5 till kurskatalogen och v\u00e4lja den webbutbildning du \u00e4r intresserad av.<\/p>\n<p><strong>Vid fr\u00e5gor om l\u00e4rplattformen<\/strong>: <a href=\"mailto:info@hjarnatillsammans.se\">info@hjarnatillsammans.se<\/a><br \/><strong>Vid tekniska problem som inloggning och att skriva ut kursbevis<\/strong>: <a href=\"mailto:patrik@aidoo.se\">patrik@aidoo.se<\/a><\/p>\n<p>[\/et_pb_text][et_pb_code module_class=&#8221;page-icons&#8221; _builder_version=&#8221;4.16&#8243; global_colors_info=&#8221;{}&#8221;]<div class=\"sc-page-icons\">\n    <div class=\"like\"><a class=\"icon-like\"><\/a><\/div>\n    <div class=\"pdfprnt-buttons\"><a href=\"https:\/\/hjarnatillsammans.se\/larplattform\/wp-json\/wp\/v2\/pages\/511?print=pdf\" class=\"pdfprnt-button pdfprnt-button-pdf\" target=\"_blank\"><img decoding=\"async\" src=\"https:\/\/hjarnatillsammans.se\/larplattform\/wp-content\/plugins\/pdf-print\/images\/pdf.png\" alt=\"image_pdf\" title=\"View PDF\" \/><\/a><\/div><\/div>[\/et_pb_code][\/et_pb_column][\/et_pb_row][\/et_pb_section][et_pb_section fb_built=&#8221;1&#8243; _builder_version=&#8221;4.16&#8243; global_colors_info=&#8221;{}&#8221;][et_pb_row admin_label=&#8221;footer&#8221; module_class=&#8221;footer_rad&#8221; _builder_version=&#8221;4.4.7&#8243; custom_padding=&#8221;55px||||false|false&#8221; global_module=&#8221;845&#8243; global_colors_info=&#8221;{}&#8221;][et_pb_column type=&#8221;4_4&#8243; _builder_version=&#8221;4.16&#8243; global_colors_info=&#8221;{}&#8221;][et_pb_text _builder_version=&#8221;4.16&#8243; global_colors_info=&#8221;{}&#8221;]<\/p>\n<p style=\"text-align: center;\"><img loading=\"lazy\" decoding=\"async\" class=\"wp-image-19 size-full aligncenter\" src=\"https:\/\/hjarnatillsammans.se\/larplattform\/wp-content\/uploads\/2019\/10\/logga-200x155.png\" alt=\"\" width=\"200\" height=\"155\" srcset=\"https:\/\/hjarnatillsammans.se\/larplattform\/wp-content\/uploads\/2019\/10\/logga-200x155.png 200w, https:\/\/hjarnatillsammans.se\/larplattform\/wp-content\/uploads\/2019\/10\/logga-200x155-24x19.png 24w, https:\/\/hjarnatillsammans.se\/larplattform\/wp-content\/uploads\/2019\/10\/logga-200x155-36x28.png 36w, https:\/\/hjarnatillsammans.se\/larplattform\/wp-content\/uploads\/2019\/10\/logga-200x155-48x37.png 48w\" sizes=\"(max-width: 200px) 100vw, 200px\" \/><br \/>Hj\u00e4rna Tillsammans \u00e4r ett n\u00e4tverk med syfte att st\u00e4rka st\u00f6det och<br \/>rehabiliteringen f\u00f6r personer med f\u00f6rv\u00e4rvad hj\u00e4rnskada<br \/><a href=\"https:\/\/hjarnatillsammans.se\/\">www.hjarnatillsammans.se<\/a><br \/><a href=\"mailto:info@hjarnatillsammans.se\">info@hjarnatillsammans.se<\/a><\/p>\n<p>[\/et_pb_text][\/et_pb_column][\/et_pb_row][\/et_pb_section]<\/p>\n","protected":false},"excerpt":{"rendered":"<p>Ett lyft f\u00f6r l\u00e4rande och inspiration! Ett kursskafferi \u2013 en webbutbildning, i klassrum, material eller i en mix &#8211; enkelt, engagerande, flexibelt \u2013 n\u00e4r det passar dig. Hj\u00e4rna Utbildning \u00e4r Hj\u00e4rna Tillsammans l\u00e4rplattform.Ett lyft f\u00f6r l\u00e4rande och inspiration! Ett kursskafferi \u2013 en webbutbildning, i klassrum, material eller i en mix\u2013 enkelt, engagerande, flexibelt \u2013 n\u00e4r [&hellip;]<\/p>\n","protected":false},"author":1,"featured_media":0,"parent":0,"menu_order":0,"comment_status":"closed","ping_status":"closed","template":"page-template-blank.php","meta":{"_acf_changed":false,"_et_pb_use_builder":"on","_et_pb_old_content":"","_et_gb_content_width":"","footnotes":""},"class_list":["post-511","page","type-page","status-publish","hentry"],"acf":[],"_links":{"self":[{"href":"https:\/\/hjarnatillsammans.se\/larplattform\/wp-json\/wp\/v2\/pages\/511","targetHints":{"allow":["GET"]}}],"collection":[{"href":"https:\/\/hjarnatillsammans.se\/larplattform\/wp-json\/wp\/v2\/pages"}],"about":[{"href":"https:\/\/hjarnatillsammans.se\/larplattform\/wp-json\/wp\/v2\/types\/page"}],"author":[{"embeddable":true,"href":"https:\/\/hjarnatillsammans.se\/larplattform\/wp-json\/wp\/v2\/users\/1"}],"replies":[{"embeddable":true,"href":"https:\/\/hjarnatillsammans.se\/larplattform\/wp-json\/wp\/v2\/comments?post=511"}],"version-history":[{"count":46,"href":"https:\/\/hjarnatillsammans.se\/larplattform\/wp-json\/wp\/v2\/pages\/511\/revisions"}],"predecessor-version":[{"id":7533,"href":"https:\/\/hjarnatillsammans.se\/larplattform\/wp-json\/wp\/v2\/pages\/511\/revisions\/7533"}],"wp:attachment":[{"href":"https:\/\/hjarnatillsammans.se\/larplattform\/wp-json\/wp\/v2\/media?parent=511"}],"curies":[{"name":"wp","href":"https:\/\/api.w.org\/{rel}","templated":true}]}}