{"id":503,"date":"2019-12-29T18:55:44","date_gmt":"2019-12-29T17:55:44","guid":{"rendered":"https:\/\/hjarnatillsammans.se\/larplattform\/?page_id=503"},"modified":"2024-01-15T15:27:08","modified_gmt":"2024-01-15T14:27:08","slug":"om-utbildningen","status":"publish","type":"page","link":"https:\/\/hjarnatillsammans.se\/larplattform\/om-utbildningen\/","title":{"rendered":"Om utbildningen"},"content":{"rendered":"<p>[et_pb_section fb_built=&#8221;1&#8243; disabled_on=&#8221;on|on|on&#8221; _builder_version=&#8221;4.16&#8243; use_background_color_gradient=&#8221;on&#8221; background_color_gradient_direction=&#8221;129deg&#8221; background_color_gradient_stops=&#8221;#ff6334 12%|#B363D1 120%&#8221; background_color_gradient_start=&#8221;#ff6334&#8243; background_color_gradient_start_position=&#8221;12%&#8221; background_color_gradient_end=&#8221;#B363D1&#8243; background_color_gradient_end_position=&#8221;120%&#8221; background_enable_image=&#8221;off&#8221; background_size=&#8221;contain&#8221; custom_padding=&#8221;0px||||false|false&#8221; disabled=&#8221;on&#8221; collapsed=&#8221;on&#8221; global_colors_info=&#8221;{}&#8221;][et_pb_row _builder_version=&#8221;4.16&#8243; width=&#8221;100%&#8221; max_width=&#8221;90%&#8221; global_colors_info=&#8221;{}&#8221;][et_pb_column type=&#8221;4_4&#8243; _builder_version=&#8221;4.16&#8243; global_colors_info=&#8221;{}&#8221;][et_pb_text admin_label=&#8221;logo&#8221; _builder_version=&#8221;4.16&#8243; background_layout=&#8221;dark&#8221; locked=&#8221;off&#8221; global_colors_info=&#8221;{}&#8221;]<\/p>\n<p><a href=\"https:\/\/hjarnatillsammans.se\/larplattform\/\"><img loading=\"lazy\" decoding=\"async\" class=\"alignleft wp-image-19\" src=\"https:\/\/hjarnatillsammans.se\/larplattform\/wp-content\/uploads\/2019\/10\/logga-200x155.png\" alt=\"\" width=\"120\" height=\"93\" srcset=\"https:\/\/hjarnatillsammans.se\/larplattform\/wp-content\/uploads\/2019\/10\/logga-200x155.png 200w, https:\/\/hjarnatillsammans.se\/larplattform\/wp-content\/uploads\/2019\/10\/logga-200x155-24x19.png 24w, https:\/\/hjarnatillsammans.se\/larplattform\/wp-content\/uploads\/2019\/10\/logga-200x155-36x28.png 36w, https:\/\/hjarnatillsammans.se\/larplattform\/wp-content\/uploads\/2019\/10\/logga-200x155-48x37.png 48w\" sizes=\"(max-width: 120px) 100vw, 120px\" \/><\/a><\/p>\n<p>[\/et_pb_text][\/et_pb_column][\/et_pb_row][et_pb_row _builder_version=&#8221;4.16&#8243; global_colors_info=&#8221;{}&#8221;][et_pb_column type=&#8221;4_4&#8243; _builder_version=&#8221;4.16&#8243; global_colors_info=&#8221;{}&#8221;][et_pb_image src=&#8221;https:\/\/hjarnatillsammans.se\/larplattform\/wp-content\/uploads\/2020\/01\/hjarna_utbildning_logga.png&#8221; align=&#8221;center&#8221; _builder_version=&#8221;4.16&#8243; locked=&#8221;off&#8221; global_colors_info=&#8221;{}&#8221;][\/et_pb_image][et_pb_text admin_label=&#8221;Text &#8211; introtext&#8221; _builder_version=&#8221;4.16&#8243; text_font_size=&#8221;20px&#8221; background_layout=&#8221;dark&#8221; global_colors_info=&#8221;{}&#8221;]<\/p>\n<h1 style=\"text-align: center;\">F\u00e5 flyt i vardagskommunikationen<\/h1>\n<p style=\"text-align: center;\">Hur g\u00f6r jag n\u00e4r jag ska prata med n\u00e5gon som har sv\u00e5rt att uttrycka sig? Om vi inte f\u00f6rst\u00e5r varandra, g\u00e5r det att komma vidare? Hj\u00e4rna Tillsammans digitala utbildning ger svar p\u00e5 s\u00e5dana fr\u00e5gor och ger nya m\u00f6jligheter.<\/p>\n<p>[\/et_pb_text][\/et_pb_column][\/et_pb_row][et_pb_row column_structure=&#8221;1_4,1_4,1_4,1_4&#8243; _builder_version=&#8221;4.16&#8243; global_colors_info=&#8221;{}&#8221;][et_pb_column type=&#8221;1_4&#8243; _builder_version=&#8221;4.16&#8243; global_colors_info=&#8221;{}&#8221;][\/et_pb_column][et_pb_column type=&#8221;1_4&#8243; _builder_version=&#8221;4.16&#8243; global_colors_info=&#8221;{}&#8221;][et_pb_button button_url=&#8221;@ET-DC@eyJkeW5hbWljIjp0cnVlLCJjb250ZW50IjoicG9zdF9saW5rX3VybF9wYWdlIiwic2V0dGluZ3MiOnsicG9zdF9pZCI6IjMzIn19@&#8221; button_text=&#8221;logga in&#8221; button_alignment=&#8221;right&#8221; admin_label=&#8221;Button &#8211; logga in&#8221; _builder_version=&#8221;4.16&#8243; _dynamic_attributes=&#8221;button_url&#8221; custom_button=&#8221;on&#8221; button_text_color=&#8221;#ffffff&#8221; button_bg_color=&#8221;#ffa824&#8243; button_border_width=&#8221;0px&#8221; button_border_radius=&#8221;18px&#8221; button_use_icon=&#8221;off&#8221; global_colors_info=&#8221;{}&#8221; button_bg_color__hover_enabled=&#8221;on|desktop&#8221; button_bg_color__hover=&#8221;#ffffff&#8221; button_bg_enable_color__hover=&#8221;on&#8221; button_text_color__hover_enabled=&#8221;on|hover&#8221; button_text_color__hover=&#8221;#ffa824&#8243;][\/et_pb_button][\/et_pb_column][et_pb_column type=&#8221;1_4&#8243; _builder_version=&#8221;4.16&#8243; global_colors_info=&#8221;{}&#8221;][et_pb_button button_url=&#8221;@ET-DC@eyJkeW5hbWljIjp0cnVlLCJjb250ZW50IjoicG9zdF9saW5rX3VybF9wYWdlIiwic2V0dGluZ3MiOnsicG9zdF9pZCI6IjYxOSJ9fQ==@&#8221; button_text=&#8221;skapa konto&#8221; button_alignment=&#8221;left&#8221; admin_label=&#8221;Button-skapa konto&#8221; _builder_version=&#8221;4.16&#8243; _dynamic_attributes=&#8221;button_url&#8221; custom_button=&#8221;on&#8221; button_text_color=&#8221;#ffffff&#8221; button_bg_color=&#8221;#7F3F97&#8243; button_border_width=&#8221;0px&#8221; button_border_radius=&#8221;18px&#8221; button_use_icon=&#8221;off&#8221; locked=&#8221;off&#8221; global_colors_info=&#8221;{}&#8221; button_bg_color__hover_enabled=&#8221;on|hover&#8221; button_bg_color__hover=&#8221;#ffffff&#8221; button_bg_enable_color__hover=&#8221;on&#8221; button_text_color__hover_enabled=&#8221;on|hover&#8221; button_text_color__hover=&#8221;#7F3F97&#8243;][\/et_pb_button][\/et_pb_column][et_pb_column type=&#8221;1_4&#8243; _builder_version=&#8221;4.16&#8243; global_colors_info=&#8221;{}&#8221;][\/et_pb_column][\/et_pb_row][\/et_pb_section][et_pb_section fb_built=&#8221;1&#8243; disabled_on=&#8221;on|on|on&#8221; admin_label=&#8221;Section &#8211; lms top&#8221; _builder_version=&#8221;4.16&#8243; custom_margin=&#8221;||0px||false|false&#8221; custom_padding=&#8221;||0px||false|false&#8221; disabled=&#8221;on&#8221; collapsed=&#8221;on&#8221; global_colors_info=&#8221;{}&#8221;][et_pb_row admin_label=&#8221;Rad&#8221; _builder_version=&#8221;4.16&#8243; width=&#8221;100%&#8221; max_width=&#8221;90%&#8221; global_colors_info=&#8221;{}&#8221;][et_pb_column type=&#8221;4_4&#8243; _builder_version=&#8221;4.16&#8243; global_colors_info=&#8221;{}&#8221;][et_pb_text admin_label=&#8221;logo&#8221; _builder_version=&#8221;4.16&#8243; background_layout=&#8221;dark&#8221; global_colors_info=&#8221;{}&#8221;]<\/p>\n<p><a href=\"https:\/\/hjarnatillsammans.se\/larplattform\/\"><img loading=\"lazy\" decoding=\"async\" class=\"alignleft wp-image-19\" src=\"https:\/\/hjarnatillsammans.se\/larplattform\/wp-content\/uploads\/2019\/10\/logga-200x155.png\" alt=\"\" width=\"120\" height=\"93\" srcset=\"https:\/\/hjarnatillsammans.se\/larplattform\/wp-content\/uploads\/2019\/10\/logga-200x155.png 200w, https:\/\/hjarnatillsammans.se\/larplattform\/wp-content\/uploads\/2019\/10\/logga-200x155-24x19.png 24w, https:\/\/hjarnatillsammans.se\/larplattform\/wp-content\/uploads\/2019\/10\/logga-200x155-36x28.png 36w, https:\/\/hjarnatillsammans.se\/larplattform\/wp-content\/uploads\/2019\/10\/logga-200x155-48x37.png 48w\" sizes=\"(max-width: 120px) 100vw, 120px\" \/><\/a><\/p>\n<p>[\/et_pb_text][\/et_pb_column][\/et_pb_row][et_pb_row _builder_version=&#8221;4.16&#8243; custom_padding=&#8221;||0px||false|false&#8221; global_colors_info=&#8221;{}&#8221;][et_pb_column type=&#8221;4_4&#8243; _builder_version=&#8221;4.16&#8243; global_colors_info=&#8221;{}&#8221;][et_pb_image src=&#8221;https:\/\/hjarnatillsammans.se\/larplattform\/wp-content\/uploads\/2020\/01\/hjarna_utbildning_logga.png&#8221; align=&#8221;center&#8221; module_id=&#8221;lms-start-centered-logo&#8221; _builder_version=&#8221;4.16&#8243; custom_css_main_element=&#8221;top: -120px;&#8221; global_colors_info=&#8221;{}&#8221;][\/et_pb_image][et_pb_text admin_label=&#8221;Text &#8211; introtext&#8221; _builder_version=&#8221;4.16&#8243; text_font_size=&#8221;20px&#8221; background_layout=&#8221;dark&#8221; global_colors_info=&#8221;{}&#8221;]<\/p>\n<h1 style=\"text-align: center;\">F\u00e5 flyt i vardagskommunikationen<\/h1>\n<p style=\"text-align: center;\">Hur g\u00f6r jag n\u00e4r jag ska prata med n\u00e5gon som har sv\u00e5rt att uttrycka sig? <br \/>Om vi inte f\u00f6rst\u00e5r varandra, g\u00e5r det att komma vidare?<br \/>Hj\u00e4rna Tillsammans digitala utbildning ger svar p\u00e5 s\u00e5dana fr\u00e5gor och ger nya m\u00f6jligheter.<\/p>\n<p>[\/et_pb_text][\/et_pb_column][\/et_pb_row][et_pb_row column_structure=&#8221;1_4,1_4,1_4,1_4&#8243; _builder_version=&#8221;4.16&#8243; global_colors_info=&#8221;{}&#8221;][et_pb_column type=&#8221;1_4&#8243; _builder_version=&#8221;4.16&#8243; global_colors_info=&#8221;{}&#8221;][\/et_pb_column][et_pb_column type=&#8221;1_4&#8243; _builder_version=&#8221;4.16&#8243; global_colors_info=&#8221;{}&#8221;][et_pb_button button_url=&#8221;@ET-DC@eyJkeW5hbWljIjp0cnVlLCJjb250ZW50IjoicG9zdF9saW5rX3VybF9wYWdlIiwic2V0dGluZ3MiOnsicG9zdF9pZCI6IjMzIn19@&#8221; button_text=&#8221;logga in&#8221; button_alignment=&#8221;right&#8221; admin_label=&#8221;Button &#8211; logga in&#8221; _builder_version=&#8221;4.16&#8243; _dynamic_attributes=&#8221;button_url&#8221; custom_button=&#8221;on&#8221; button_text_color=&#8221;#ffffff&#8221; button_bg_color=&#8221;#ffa824&#8243; button_border_width=&#8221;0px&#8221; button_border_radius=&#8221;18px&#8221; button_use_icon=&#8221;off&#8221; global_colors_info=&#8221;{}&#8221; button_bg_color__hover_enabled=&#8221;on|desktop&#8221; button_bg_color__hover=&#8221;#ffffff&#8221; button_bg_enable_color__hover=&#8221;on&#8221; button_text_color__hover_enabled=&#8221;on|hover&#8221; button_text_color__hover=&#8221;#ffa824&#8243;][\/et_pb_button][\/et_pb_column][et_pb_column type=&#8221;1_4&#8243; _builder_version=&#8221;4.16&#8243; global_colors_info=&#8221;{}&#8221;][et_pb_button button_url=&#8221;@ET-DC@eyJkeW5hbWljIjp0cnVlLCJjb250ZW50IjoicG9zdF9saW5rX3VybF9wYWdlIiwic2V0dGluZ3MiOnsicG9zdF9pZCI6IjYxOSJ9fQ==@&#8221; button_text=&#8221;skapa konto&#8221; button_alignment=&#8221;left&#8221; admin_label=&#8221;Button-skapa konto&#8221; _builder_version=&#8221;4.16&#8243; _dynamic_attributes=&#8221;button_url&#8221; custom_button=&#8221;on&#8221; button_text_color=&#8221;#ffffff&#8221; button_bg_color=&#8221;#7F3F97&#8243; button_border_width=&#8221;0px&#8221; button_border_radius=&#8221;18px&#8221; button_use_icon=&#8221;off&#8221; global_colors_info=&#8221;{}&#8221; button_bg_color__hover_enabled=&#8221;on|hover&#8221; button_bg_color__hover=&#8221;#ffffff&#8221; button_bg_enable_color__hover=&#8221;on&#8221; button_text_color__hover_enabled=&#8221;on|hover&#8221; button_text_color__hover=&#8221;#7F3F97&#8243;][\/et_pb_button][\/et_pb_column][et_pb_column type=&#8221;1_4&#8243; _builder_version=&#8221;4.16&#8243; global_colors_info=&#8221;{}&#8221;][\/et_pb_column][\/et_pb_row][\/et_pb_section][et_pb_section fb_built=&#8221;1&#8243; _builder_version=&#8221;4.16&#8243; background_color=&#8221;#ffffff&#8221; custom_padding=&#8221;0px||0px||false|false&#8221; locked=&#8221;off&#8221; collapsed=&#8221;off&#8221; global_colors_info=&#8221;{}&#8221;][et_pb_row _builder_version=&#8221;4.16&#8243; global_colors_info=&#8221;{}&#8221;][et_pb_column type=&#8221;4_4&#8243; _builder_version=&#8221;4.16&#8243; global_colors_info=&#8221;{}&#8221;][et_pb_text admin_label=&#8221;logo&#8221; _builder_version=&#8221;4.16&#8243; background_layout=&#8221;dark&#8221; global_colors_info=&#8221;{}&#8221;]<\/p>\n<p><a href=\"https:\/\/hjarnatillsammans.se\/larplattform\/\"><img loading=\"lazy\" decoding=\"async\" class=\"alignleft wp-image-19\" src=\"https:\/\/hjarnatillsammans.se\/larplattform\/wp-content\/uploads\/2019\/10\/logga-200x155.png\" alt=\"\" width=\"120\" height=\"93\" srcset=\"https:\/\/hjarnatillsammans.se\/larplattform\/wp-content\/uploads\/2019\/10\/logga-200x155.png 200w, https:\/\/hjarnatillsammans.se\/larplattform\/wp-content\/uploads\/2019\/10\/logga-200x155-24x19.png 24w, https:\/\/hjarnatillsammans.se\/larplattform\/wp-content\/uploads\/2019\/10\/logga-200x155-36x28.png 36w, https:\/\/hjarnatillsammans.se\/larplattform\/wp-content\/uploads\/2019\/10\/logga-200x155-48x37.png 48w\" sizes=\"(max-width: 120px) 100vw, 120px\" \/><\/a><\/p>\n<p>[\/et_pb_text][et_pb_menu menu_id=&#8221;14&#8243; menu_style=&#8221;centered&#8221; active_link_color=&#8221;#000000&#8243; _builder_version=&#8221;4.16&#8243; menu_font=&#8221;|700||on|||||&#8221; menu_text_color=&#8221;#3b2314&#8243; menu_font_size=&#8221;15px&#8221; custom_css_active_menu_link=&#8221;border-bottom: 1px solid #111111;&#8221; locked=&#8221;off&#8221; global_colors_info=&#8221;{}&#8221;][\/et_pb_menu][\/et_pb_column][\/et_pb_row][\/et_pb_section][et_pb_section fb_built=&#8221;1&#8243; _builder_version=&#8221;4.16&#8243; background_color=&#8221;#F8F7F7&#8243; custom_margin=&#8221;-1px||||false|false&#8221; custom_padding=&#8221;0px||0px||false|false&#8221; locked=&#8221;off&#8221; global_colors_info=&#8221;{}&#8221;][et_pb_row admin_label=&#8221;Row&#8221; module_id=&#8221;nerstartsidan&#8221; module_class=&#8221;innehallssida_row_ej_kurs&#8221; _builder_version=&#8221;4.16&#8243; max_width=&#8221;800px&#8221; module_alignment=&#8221;center&#8221; custom_padding=&#8221;50px|100px|50px|100px|false|false&#8221; global_colors_info=&#8221;{}&#8221;][et_pb_column type=&#8221;4_4&#8243; _builder_version=&#8221;4.16&#8243; custom_css_main_element=&#8221;position: static&#8221; global_colors_info=&#8221;{}&#8221;][et_pb_text _builder_version=&#8221;4.16&#8243; global_colors_info=&#8221;{}&#8221;]<\/p>\n<h1>F\u00e5 flyt i vardagskommunikationen<\/h1>\n<h3>Hur g\u00f6r jag n\u00e4r jag ska prata med n\u00e5gon som har sv\u00e5rt att uttrycka sig? Om vi inte f\u00f6rst\u00e5r varandra, g\u00e5r det att komma vidare?Hj\u00e4rna Tillsammans digitala utbildning ger svar p\u00e5 s\u00e5dana fr\u00e5gor och ger nya m\u00f6jligheter.<\/h3>\n<p>Utbildningen best\u00e5r av en serie korta filmer, tester, reflektionsfr\u00e5gor och fakta. Den kan g\u00f6ras i f\u00f6ljd eller delas upp p\u00e5 flera g\u00e5nger. Under utbildningen f\u00e5r deltagarna ta del av en samtalsmodell som fr\u00e5n b\u00f6rjan utvecklats i Kanada. Den g\u00e5r ut p\u00e5 att som spr\u00e5kligt starkare part inte l\u00e4mpa \u00f6ver p\u00e5 personen med kommunikationssv\u00e5righeter att l\u00f6sa problemet, utan sj\u00e4lv ta ansvar f\u00f6r hela kommunikationen. D\u00e5 \u00e4r det tre steg man ska ta ansvar f\u00f6r. \u2013 F\u00f6rst ska jag g\u00f6ra mig f\u00f6rst\u00e5dd. Sedan ska jag ge den andre m\u00f6jlighet att uttrycka sig. Jag ska allts\u00e5 erbjuda ett s\u00e4tt att svara som fungerar. Steg tre \u00e4r att st\u00e4mma av att vi f\u00f6rst\u00e5tt varandra, f\u00f6rklarar Kajsa S\u00f6derhielm.<\/p>\n<h3>Framtagen av n\u00e4tverk<\/h3>\n<p>Hon \u00e4r logoped p\u00e5 Rehabiliteringsmedicinska kliniken Stockholm, och ing\u00e5r i den n\u00e4tverksgrupp som gemensamt arbetat fram utbildningen tillsammans med personer med egen f\u00f6rv\u00e4rvad hj\u00e4rnskada.<\/p>\n<h3>P\u00e5verkar hela livet<\/h3>\n<p>Utbildningen \u00e4r framtagen f\u00f6r att kunna anv\u00e4ndas mycket brett.<br \/>\u2013 Kommunikationsneds\u00e4ttningar p\u00e5verkar ju hela livet f\u00f6r den som har det. Men generellt \u00e4r kunskapen v\u00e4ldigt l\u00e5g, b\u00e5de om vad det \u00e4r och hur man kan bem\u00f6ta det, s\u00e4ger Kajsa S\u00f6derhielm. Det \u00e4r allt f\u00f6r vanligt att l\u00e4mpa \u00f6ver till den med kommunikationssv\u00e5righeter att l\u00f6sa problemen. Men det fungerar d\u00e5ligt.<br \/>\u2013 M\u00e5nga med hj\u00e4rnskada har sv\u00e5rt att ta initiativ till andra metoder att g\u00f6ra sig f\u00f6rst\u00e5dd, som att rita. Det \u00e4r speciellt sv\u00e5rt f\u00f6r den som nyligen f\u00e5tt sin skada, s\u00e4ger Kerstin Gustafsson, logoped p\u00e5 Afasif\u00f6reningen.<\/p>\n<h3>Stort behov<\/h3>\n<p>Kajsa och Kerstin ser ett stort behov av utbildningen.<br \/>\u2013 F\u00f6r alla oss \u00e4r kommunikation ett av v\u00e5ra mest grundl\u00e4ggande redskap i vardag och yrkesliv, s\u00e4ger Kajsa S\u00f6derhielm. Till exempel i hemtj\u00e4nsten beh\u00f6ver man ta reda p\u00e5 vilka ink\u00f6p personen vill ha hj\u00e4lp med. Eller s\u00e5 kan man f\u00e5 en k\u00e4nsla av att personen har ont, men lyckas inte fr\u00e5ga var. Att n\u00e5 fram p\u00e5 andra s\u00e4tt \u00e4n med vanligt tal kr\u00e4ver alltid tid. Idag \u00e4r stora delen av v\u00e5rden och omsorgen h\u00e5rt tidsstyrd. Men att l\u00e4ra sig kommunikationsst\u00f6d kan vara en investering.<br \/>\u2013Man kan f\u00e5 grundproblemet klart f\u00f6r sig, n\u00e4r man till slut b\u00f6rjar kunna n\u00e5 fram till varandra. P\u00e5 sikt kan man vinna en massa tid, s\u00e4ger Kerstin Gustafsson.<\/p>\n<h3>L\u00e4tta att ta till sig<\/h3>\n<p>Viktiga inslag i utbildningen \u00e4r filmer som visar vardagliga scener d\u00e4r n\u00e5got kommunikationsproblem uppst\u00e5r, och ger f\u00f6rslag p\u00e5 hur man kan l\u00f6sa situationen.<br \/>\u2013 Film \u00e4r ett snabbt och bra s\u00e4tt att f\u00e5 ut kunskap. De korta filmerna \u00e4r l\u00e4tta att ta till sig och \u00e4ven om man inte kan svenska s\u00e5 bra, s\u00e4ger Kerstin Gustafsson. De \u00e4r t\u00e4nkta att inspirera och ge modet att ta ansvar f\u00f6r en bra kommunikation, \u00e4ven n\u00e4r det finns hinder. Utbildningen kan g\u00f6ras som helst med en dator eller en smart telefon. Logopederna rekommenderar \u00e4nd\u00e5 att se dem tillsammans med kolleger eller andra, och sedan diskutera.<br \/>\u2013 N\u00e4r man gjort utbildningen har man tagit ett f\u00f6rsta steg. Sedan m\u00e5ste man tr\u00e4na i verkligheten, och reflektera. Idealt \u00e4r att g\u00f6ra den flera g\u00e5nger, exempelvis se filmerna igen. D\u00e5 kommer man att se nya saker, s\u00e4ger Kajsa S\u00f6derhielm<\/p>\n<p>[\/et_pb_text][et_pb_code module_class=&#8221;page-icons&#8221; _builder_version=&#8221;4.16&#8243; global_colors_info=&#8221;{}&#8221;]<div class=\"sc-page-icons\">\n    <div class=\"like\"><a class=\"icon-like\"><\/a><\/div>\n    <div class=\"pdfprnt-buttons\"><a href=\"https:\/\/hjarnatillsammans.se\/larplattform\/wp-json\/wp\/v2\/pages\/503?print=pdf\" class=\"pdfprnt-button pdfprnt-button-pdf\" target=\"_blank\"><img decoding=\"async\" src=\"https:\/\/hjarnatillsammans.se\/larplattform\/wp-content\/plugins\/pdf-print\/images\/pdf.png\" alt=\"image_pdf\" title=\"View PDF\" \/><\/a><\/div><\/div>[\/et_pb_code][\/et_pb_column][\/et_pb_row][\/et_pb_section][et_pb_section fb_built=&#8221;1&#8243; _builder_version=&#8221;4.16&#8243; collapsed=&#8221;on&#8221; global_colors_info=&#8221;{}&#8221;][et_pb_row admin_label=&#8221;footer&#8221; module_class=&#8221;footer_rad&#8221; _builder_version=&#8221;4.4.7&#8243; custom_padding=&#8221;55px||||false|false&#8221; global_module=&#8221;845&#8243; global_colors_info=&#8221;{}&#8221;][et_pb_column type=&#8221;4_4&#8243; _builder_version=&#8221;4.16&#8243; global_colors_info=&#8221;{}&#8221;][et_pb_text _builder_version=&#8221;4.16&#8243; global_colors_info=&#8221;{}&#8221;]<\/p>\n<p style=\"text-align: center;\"><img loading=\"lazy\" decoding=\"async\" class=\"wp-image-19 size-full aligncenter\" src=\"https:\/\/hjarnatillsammans.se\/larplattform\/wp-content\/uploads\/2019\/10\/logga-200x155.png\" alt=\"\" width=\"200\" height=\"155\" srcset=\"https:\/\/hjarnatillsammans.se\/larplattform\/wp-content\/uploads\/2019\/10\/logga-200x155.png 200w, https:\/\/hjarnatillsammans.se\/larplattform\/wp-content\/uploads\/2019\/10\/logga-200x155-24x19.png 24w, https:\/\/hjarnatillsammans.se\/larplattform\/wp-content\/uploads\/2019\/10\/logga-200x155-36x28.png 36w, https:\/\/hjarnatillsammans.se\/larplattform\/wp-content\/uploads\/2019\/10\/logga-200x155-48x37.png 48w\" sizes=\"(max-width: 200px) 100vw, 200px\" \/><br \/>Hj\u00e4rna Tillsammans \u00e4r ett n\u00e4tverk med syfte att st\u00e4rka st\u00f6det och<br \/>rehabiliteringen f\u00f6r personer med f\u00f6rv\u00e4rvad hj\u00e4rnskada<br \/><a href=\"https:\/\/hjarnatillsammans.se\/\">www.hjarnatillsammans.se<\/a><br \/><a href=\"mailto:info@hjarnatillsammans.se\">info@hjarnatillsammans.se<\/a><\/p>\n<p>[\/et_pb_text][\/et_pb_column][\/et_pb_row][\/et_pb_section]<\/p>\n","protected":false},"excerpt":{"rendered":"<p>F\u00e5 flyt i vardagskommunikationen Hur g\u00f6r jag n\u00e4r jag ska prata med n\u00e5gon som har sv\u00e5rt att uttrycka sig? Om vi inte f\u00f6rst\u00e5r varandra, g\u00e5r det att komma vidare? Hj\u00e4rna Tillsammans digitala utbildning ger svar p\u00e5 s\u00e5dana fr\u00e5gor och ger nya m\u00f6jligheter.F\u00e5 flyt i vardagskommunikationen Hur g\u00f6r jag n\u00e4r jag ska prata med n\u00e5gon som [&hellip;]<\/p>\n","protected":false},"author":1,"featured_media":0,"parent":0,"menu_order":0,"comment_status":"closed","ping_status":"closed","template":"page-template-blank.php","meta":{"_acf_changed":false,"_et_pb_use_builder":"on","_et_pb_old_content":"","_et_gb_content_width":"","footnotes":""},"class_list":["post-503","page","type-page","status-publish","hentry"],"acf":[],"_links":{"self":[{"href":"https:\/\/hjarnatillsammans.se\/larplattform\/wp-json\/wp\/v2\/pages\/503","targetHints":{"allow":["GET"]}}],"collection":[{"href":"https:\/\/hjarnatillsammans.se\/larplattform\/wp-json\/wp\/v2\/pages"}],"about":[{"href":"https:\/\/hjarnatillsammans.se\/larplattform\/wp-json\/wp\/v2\/types\/page"}],"author":[{"embeddable":true,"href":"https:\/\/hjarnatillsammans.se\/larplattform\/wp-json\/wp\/v2\/users\/1"}],"replies":[{"embeddable":true,"href":"https:\/\/hjarnatillsammans.se\/larplattform\/wp-json\/wp\/v2\/comments?post=503"}],"version-history":[{"count":39,"href":"https:\/\/hjarnatillsammans.se\/larplattform\/wp-json\/wp\/v2\/pages\/503\/revisions"}],"predecessor-version":[{"id":17766,"href":"https:\/\/hjarnatillsammans.se\/larplattform\/wp-json\/wp\/v2\/pages\/503\/revisions\/17766"}],"wp:attachment":[{"href":"https:\/\/hjarnatillsammans.se\/larplattform\/wp-json\/wp\/v2\/media?parent=503"}],"curies":[{"name":"wp","href":"https:\/\/api.w.org\/{rel}","templated":true}]}}