{"id":417,"date":"2019-12-29T17:37:23","date_gmt":"2019-12-29T16:37:23","guid":{"rendered":"https:\/\/hjarnatillsammans.se\/larplattform\/?page_id=417"},"modified":"2024-02-01T11:36:44","modified_gmt":"2024-02-01T10:36:44","slug":"start-2","status":"publish","type":"page","link":"https:\/\/hjarnatillsammans.se\/larplattform\/","title":{"rendered":"Start"},"content":{"rendered":"<p>[et_pb_section fb_built=&#8221;1&#8243; _builder_version=&#8221;4.16&#8243; use_background_color_gradient=&#8221;on&#8221; background_color_gradient_direction=&#8221;129deg&#8221; background_color_gradient_stops=&#8221;#ff6334 12%|#B363D1 120%&#8221; background_color_gradient_start=&#8221;#ff6334&#8243; background_color_gradient_start_position=&#8221;12%&#8221; background_color_gradient_end=&#8221;#B363D1&#8243; background_color_gradient_end_position=&#8221;120%&#8221; background_enable_image=&#8221;off&#8221; background_size=&#8221;contain&#8221; custom_padding=&#8221;0px||15px||false|false&#8221; collapsed=&#8221;off&#8221; global_colors_info=&#8221;{}&#8221;][et_pb_row admin_label=&#8221;Rad&#8221; _builder_version=&#8221;4.16&#8243; width=&#8221;100%&#8221; max_width=&#8221;90%&#8221; global_colors_info=&#8221;{}&#8221; column_structure=&#8221;1_2,1_2&#8243;][et_pb_column type=&#8221;1_2&#8243; _builder_version=&#8221;4.16&#8243; global_colors_info=&#8221;{}&#8221;][et_pb_image _builder_version=&#8221;4.24.0&#8243; _module_preset=&#8221;default&#8221; title_text=&#8221;logga-200&#215;155&#8243; src=&#8221;https:\/\/hjarnatillsammans.se\/larplattform\/wp-content\/uploads\/2024\/01\/logga-200&#215;155-1.png&#8221; hover_enabled=&#8221;0&#8243; sticky_enabled=&#8221;0&#8243; max_height=&#8221;100px&#8221;][\/et_pb_image][\/et_pb_column][et_pb_column type=&#8221;1_2&#8243; _builder_version=&#8221;4.16&#8243; global_colors_info=&#8221;{}&#8221;][et_pb_image _builder_version=&#8221;4.24.0&#8243; _module_preset=&#8221;default&#8221; title_text=&#8221;Med_stod_fran_Allmanna_Arvsfonden_gra_positiv&#8221; src=&#8221;https:\/\/hjarnatillsammans.se\/larplattform\/wp-content\/uploads\/2024\/02\/Med_stod_fran_Allmanna_Arvsfonden_gra_positiv.png&#8221; hover_enabled=&#8221;0&#8243; sticky_enabled=&#8221;0&#8243; align=&#8221;right&#8221; max_height=&#8221;50px&#8221; align_last_edited=&#8221;on|phone&#8221; align_tablet=&#8221;left&#8221; align_phone=&#8221;left&#8221;][\/et_pb_image][\/et_pb_column][\/et_pb_row][et_pb_row _builder_version=&#8221;4.16&#8243; custom_padding=&#8221;||0px||false|false&#8221; global_colors_info=&#8221;{}&#8221;][et_pb_column type=&#8221;4_4&#8243; _builder_version=&#8221;4.16&#8243; global_colors_info=&#8221;{}&#8221;][et_pb_image src=&#8221;https:\/\/hjarnatillsammans.se\/larplattform\/wp-content\/uploads\/2020\/01\/hjarnautbildning_logga.png&#8221; align=&#8221;center&#8221; disabled_on=&#8221;on|on|on&#8221; module_id=&#8221;lms-start-centered-logo&#8221; _builder_version=&#8221;4.16&#8243; background_enable_image=&#8221;off&#8221; background_size=&#8221;contain&#8221; custom_css_main_element=&#8221;top: -120px;&#8221; disabled=&#8221;on&#8221; global_colors_info=&#8221;{}&#8221;][\/et_pb_image][et_pb_text _builder_version=&#8221;4.22.1&#8243; header_text_color=&#8221;#ffffff&#8221; custom_margin=&#8221;||||false|false&#8221; global_colors_info=&#8221;{}&#8221;]<\/p>\n<h1 style=\"text-align: center;\">V\u00c4LKOMMEN TILL HJ\u00c4RNA UTBILDNING<\/h1>\n<p>[\/et_pb_text][et_pb_text admin_label=&#8221;Text &#8211; introtext&#8221; _builder_version=&#8221;4.16&#8243; text_font_size=&#8221;20px&#8221; text_line_height=&#8221;1.3em&#8221; background_layout=&#8221;dark&#8221; global_colors_info=&#8221;{}&#8221;]<\/p>\n<h2 style=\"text-align: center;\">Enkelt. Engagerande. Flexibelt. N\u00e4r det passar dig.<\/h2>\n<p style=\"text-align: center;\">V\u00e4lkommen till Hj\u00e4rna Tillsammans l\u00e4rplattform.<br \/>Ett kursskafferi: online, i klassrum eller i en mix.<br \/>F\u00f6r dig som har en f\u00f6rv\u00e4rvad hj\u00e4rnskada, \u00e4r n\u00e4rst\u00e5ende eller<br \/>\u00e4r personal inom n\u00e4tverket Hj\u00e4rna Tillsammans.<\/p>\n<p>[\/et_pb_text][\/et_pb_column][\/et_pb_row][et_pb_row column_structure=&#8221;1_4,1_4,1_4,1_4&#8243; disabled_on=&#8221;on|on|off&#8221; _builder_version=&#8221;4.16&#8243; custom_padding=&#8221;60px||80px||false|false&#8221; global_colors_info=&#8221;{}&#8221;][et_pb_column type=&#8221;1_4&#8243; _builder_version=&#8221;4.16&#8243; global_colors_info=&#8221;{}&#8221;][\/et_pb_column][et_pb_column type=&#8221;1_4&#8243; _builder_version=&#8221;4.16&#8243; global_colors_info=&#8221;{}&#8221;][et_pb_button button_url=&#8221;@ET-DC@eyJkeW5hbWljIjp0cnVlLCJjb250ZW50IjoicG9zdF9saW5rX3VybF9wYWdlIiwic2V0dGluZ3MiOnsicG9zdF9pZCI6IjMzIn19@&#8221; button_text=&#8221;logga in&#8221; button_alignment=&#8221;right&#8221; button_alignment_tablet=&#8221;right&#8221; button_alignment_phone=&#8221;center&#8221; button_alignment_last_edited=&#8221;off|desktop&#8221; admin_label=&#8221;Button &#8211; logga in&#8221; _builder_version=&#8221;4.22.1&#8243; _dynamic_attributes=&#8221;button_url&#8221; custom_button=&#8221;on&#8221; button_text_color=&#8221;#000000&#8243; button_bg_color=&#8221;#f8f7f7&#8243; button_border_width=&#8221;0px&#8221; button_border_radius=&#8221;18px&#8221; button_use_icon=&#8221;off&#8221; global_colors_info=&#8221;{}&#8221; button_bg_color__hover_enabled=&#8221;on|desktop&#8221; button_bg_color__hover=&#8221;#ffffff&#8221; button_bg_enable_color__hover=&#8221;on&#8221; button_text_color__hover_enabled=&#8221;on|hover&#8221; button_text_color__hover=&#8221;#ffa824&#8243;][\/et_pb_button][\/et_pb_column][et_pb_column type=&#8221;1_4&#8243; _builder_version=&#8221;4.16&#8243; global_colors_info=&#8221;{}&#8221;][et_pb_button button_url=&#8221;@ET-DC@eyJkeW5hbWljIjp0cnVlLCJjb250ZW50IjoicG9zdF9saW5rX3VybF9wYWdlIiwic2V0dGluZ3MiOnsicG9zdF9pZCI6IjYxOSJ9fQ==@&#8221; button_text=&#8221;skapa konto&#8221; button_alignment=&#8221;left&#8221; admin_label=&#8221;Button-skapa konto&#8221; _builder_version=&#8221;4.16&#8243; _dynamic_attributes=&#8221;button_url&#8221; custom_button=&#8221;on&#8221; button_text_color=&#8221;#ffffff&#8221; button_bg_color=&#8221;#633287&#8243; button_border_width=&#8221;0px&#8221; button_border_radius=&#8221;18px&#8221; button_use_icon=&#8221;off&#8221; global_colors_info=&#8221;{}&#8221; button_bg_color__hover_enabled=&#8221;on|hover&#8221; button_bg_color__hover=&#8221;#ffffff&#8221; button_bg_enable_color__hover=&#8221;on&#8221; button_text_color__hover_enabled=&#8221;on|hover&#8221; button_text_color__hover=&#8221;#7F3F97&#8243;][\/et_pb_button][\/et_pb_column][et_pb_column type=&#8221;1_4&#8243; _builder_version=&#8221;4.16&#8243; global_colors_info=&#8221;{}&#8221;][\/et_pb_column][\/et_pb_row][et_pb_row disabled_on=&#8221;off|off|on&#8221; _builder_version=&#8221;4.22.1&#8243; custom_padding=&#8221;60px||80px||false|false&#8221; global_colors_info=&#8221;{}&#8221;][et_pb_column type=&#8221;4_4&#8243; _builder_version=&#8221;4.16&#8243; global_colors_info=&#8221;{}&#8221;][et_pb_button button_url=&#8221;@ET-DC@eyJkeW5hbWljIjp0cnVlLCJjb250ZW50IjoicG9zdF9saW5rX3VybF9wYWdlIiwic2V0dGluZ3MiOnsicG9zdF9pZCI6IjMzIn19@&#8221; button_text=&#8221;logga in&#8221; button_alignment=&#8221;center&#8221; button_alignment_tablet=&#8221;right&#8221; button_alignment_phone=&#8221;center&#8221; button_alignment_last_edited=&#8221;off|desktop&#8221; admin_label=&#8221;Button &#8211; logga in&#8221; _builder_version=&#8221;4.22.1&#8243; _dynamic_attributes=&#8221;button_url&#8221; custom_button=&#8221;on&#8221; button_text_color=&#8221;#000000&#8243; button_bg_color=&#8221;#f8f7f7&#8243; button_border_width=&#8221;0px&#8221; button_border_radius=&#8221;18px&#8221; button_use_icon=&#8221;off&#8221; global_colors_info=&#8221;{}&#8221; button_bg_color__hover_enabled=&#8221;on|desktop&#8221; button_bg_color__hover=&#8221;#ffffff&#8221; button_bg_enable_color__hover=&#8221;on&#8221; button_text_color__hover_enabled=&#8221;on|hover&#8221; button_text_color__hover=&#8221;#ffa824&#8243;][\/et_pb_button][et_pb_button button_url=&#8221;@ET-DC@eyJkeW5hbWljIjp0cnVlLCJjb250ZW50IjoicG9zdF9saW5rX3VybF9wYWdlIiwic2V0dGluZ3MiOnsicG9zdF9pZCI6IjYxOSJ9fQ==@&#8221; button_text=&#8221;skapa konto&#8221; button_alignment=&#8221;center&#8221; admin_label=&#8221;Button-skapa konto&#8221; _builder_version=&#8221;4.22.1&#8243; _dynamic_attributes=&#8221;button_url&#8221; custom_button=&#8221;on&#8221; button_text_color=&#8221;#ffffff&#8221; button_bg_color=&#8221;#633287&#8243; button_border_width=&#8221;0px&#8221; button_border_radius=&#8221;18px&#8221; button_use_icon=&#8221;off&#8221; global_colors_info=&#8221;{}&#8221; button_bg_color__hover_enabled=&#8221;on|hover&#8221; button_bg_color__hover=&#8221;#ffffff&#8221; button_bg_enable_color__hover=&#8221;on&#8221; button_text_color__hover_enabled=&#8221;on|hover&#8221; button_text_color__hover=&#8221;#7F3F97&#8243;][\/et_pb_button][\/et_pb_column][\/et_pb_row][\/et_pb_section][et_pb_section fb_built=&#8221;1&#8243; _builder_version=&#8221;4.16&#8243; background_color=&#8221;#ffffff&#8221; custom_padding=&#8221;10px||||false|false&#8221; global_colors_info=&#8221;{}&#8221;][et_pb_row disabled_on=&#8221;on|on|on&#8221; _builder_version=&#8221;4.16&#8243; custom_margin=&#8221;0px||0px||false|false&#8221; custom_padding=&#8221;0px||0px||false|false&#8221; disabled=&#8221;on&#8221; global_colors_info=&#8221;{}&#8221;][et_pb_column type=&#8221;4_4&#8243; _builder_version=&#8221;4.16&#8243; global_colors_info=&#8221;{}&#8221;][et_pb_image src=&#8221;https:\/\/hjarnatillsammans.se\/larplattform\/wp-content\/uploads\/2020\/01\/pil_ner.png&#8221; url=&#8221;#nerstartsidan&#8221; align=&#8221;center&#8221; admin_label=&#8221;Pil ner&#8221; _builder_version=&#8221;4.16&#8243; global_colors_info=&#8221;{}&#8221;][\/et_pb_image][\/et_pb_column][\/et_pb_row][et_pb_row column_structure=&#8221;1_3,1_3,1_3&#8243; module_id=&#8221;nerstartsidan&#8221; _builder_version=&#8221;4.16&#8243; max_width=&#8221;800px&#8221; module_alignment=&#8221;center&#8221; custom_padding=&#8221;50px||50px||false|false&#8221; global_colors_info=&#8221;{}&#8221;][et_pb_column type=&#8221;1_3&#8243; _builder_version=&#8221;4.16&#8243; global_colors_info=&#8221;{}&#8221;][et_pb_image src=&#8221;https:\/\/hjarnatillsammans.se\/larplattform\/wp-content\/uploads\/2020\/06\/Starsida-1-1.png&#8221; title_text=&#8221;Starsida 1&#8243; align=&#8221;center&#8221; admin_label=&#8221;Bild&#8221; _builder_version=&#8221;4.16&#8243; width=&#8221;230px&#8221; module_alignment=&#8221;center&#8221; global_colors_info=&#8221;{}&#8221;][\/et_pb_image][et_pb_text module_class=&#8221;startsida_puffarna_textbox&#8221; _builder_version=&#8221;4.22.1&#8243; height=&#8221;260px&#8221; height_tablet=&#8221;&#8221; height_phone=&#8221;&#8221; height_last_edited=&#8221;on|tablet&#8221; custom_padding=&#8221;||0px|||&#8221; global_colors_info=&#8221;{}&#8221;]<\/p>\n<h3><strong>F\u00e5 flyt i vardags-<\/strong><br \/><strong> kommunikationen!<br \/><\/strong><\/h3>\n<p>Hur g\u00f6r jag n\u00e4r jag ska prata med n\u00e5gon som har sv\u00e5rt att<br \/>uttrycka sig? Om vi inte f\u00f6rst\u00e5r varandra, g\u00e5r det att komma vidare? Hj\u00e4rna Tillsammans digitala utbildning ger svar p\u00e5 s\u00e5dana fr\u00e5gor och ger nya m\u00f6jligheter.<\/p>\n<p>[\/et_pb_text][et_pb_button button_url=&#8221;@ET-DC@eyJkeW5hbWljIjp0cnVlLCJjb250ZW50IjoicG9zdF9saW5rX3VybF9wYWdlIiwic2V0dGluZ3MiOnsicG9zdF9pZCI6IjUwMyJ9fQ==@&#8221; button_text=&#8221;L\u00c4S MER OM UTBILDNINGEN&#8221; admin_label=&#8221;Button &#8211; Om utbildningen&#8221; _builder_version=&#8221;4.16&#8243; _dynamic_attributes=&#8221;button_url&#8221; custom_button=&#8221;on&#8221; button_text_size=&#8221;12px&#8221; button_text_color=&#8221;#000000&#8243; button_border_color=&#8221;#7a7a7a&#8221; button_border_radius=&#8221;0px&#8221; button_use_icon=&#8221;off&#8221; global_colors_info=&#8221;{}&#8221;][\/et_pb_button][\/et_pb_column][et_pb_column type=&#8221;1_3&#8243; _builder_version=&#8221;4.16&#8243; global_colors_info=&#8221;{}&#8221;][et_pb_image src=&#8221;https:\/\/hjarnatillsammans.se\/larplattform\/wp-content\/uploads\/2020\/06\/Startsida-2.png&#8221; title_text=&#8221;Startsida 2&#8243; align=&#8221;center&#8221; admin_label=&#8221;Bild&#8221; _builder_version=&#8221;4.16&#8243; width=&#8221;230px&#8221; module_alignment=&#8221;center&#8221; global_colors_info=&#8221;{}&#8221;][\/et_pb_image][et_pb_text module_class=&#8221;startsida_puffarna_textbox&#8221; _builder_version=&#8221;4.16&#8243; height=&#8221;260px&#8221; height_tablet=&#8221;&#8221; height_phone=&#8221;&#8221; height_last_edited=&#8221;on|desktop&#8221; global_colors_info=&#8221;{}&#8221;]<\/p>\n<h3><strong>Ett lyft f\u00f6r l\u00e4rande och inspiration!<\/strong><\/h3>\n<p>Ett kursskafferi \u2013 en webbutbildning, i klassrum, material eller i en mix &#8211; enkelt, engagerande, flexibelt \u2013 n\u00e4r det passar dig. Hj\u00e4rna Utbildning \u00e4r Hj\u00e4rna Tillsammans l\u00e4rplattform.<\/p>\n<p>[\/et_pb_text][et_pb_button button_url=&#8221;@ET-DC@eyJkeW5hbWljIjp0cnVlLCJjb250ZW50IjoicG9zdF9saW5rX3VybF9wYWdlIiwic2V0dGluZ3MiOnsicG9zdF9pZCI6IjUxMSJ9fQ==@&#8221; button_text=&#8221;L\u00c4S MER OM PLATTFORMEN&#8221; admin_label=&#8221;Button &#8211; om plattformen&#8221; _builder_version=&#8221;4.16&#8243; _dynamic_attributes=&#8221;button_url&#8221; custom_button=&#8221;on&#8221; button_text_size=&#8221;12px&#8221; button_text_color=&#8221;#000000&#8243; button_border_color=&#8221;#7a7a7a&#8221; button_border_radius=&#8221;0px&#8221; button_use_icon=&#8221;off&#8221; global_colors_info=&#8221;{}&#8221;][\/et_pb_button][\/et_pb_column][et_pb_column type=&#8221;1_3&#8243; _builder_version=&#8221;4.16&#8243; global_colors_info=&#8221;{}&#8221;][et_pb_image src=&#8221;https:\/\/hjarnatillsammans.se\/larplattform\/wp-content\/uploads\/2020\/06\/startsida-3.png&#8221; title_text=&#8221;startsida 3&#8243; align=&#8221;center&#8221; _builder_version=&#8221;4.16&#8243; width=&#8221;230px&#8221; module_alignment=&#8221;center&#8221; global_colors_info=&#8221;{}&#8221;][\/et_pb_image][et_pb_text module_class=&#8221;startsida_puffarna_textbox&#8221; _builder_version=&#8221;4.16&#8243; height=&#8221;260px&#8221; height_tablet=&#8221;&#8221; height_phone=&#8221;&#8221; height_last_edited=&#8221;on|phone&#8221; global_colors_info=&#8221;{}&#8221;]<\/p>\n<h3><strong>Om n\u00e4tverket Hj\u00e4rna Tillsammans<\/strong><\/h3>\n<p>Bakom l\u00e4rplattformen Hj\u00e4rna Utbildning st\u00e5r Hj\u00e4rna Tillsammans. Ett n\u00e4tverk som samverkar mot ett gemensamt m\u00e5l! Att st\u00e4rka st\u00f6det f\u00f6r personer med f\u00f6rv\u00e4rvad hj\u00e4rnskada, som f\u00f6ljd av exempelvis stroke och \u00f6ka m\u00f6jligheten att ha ett s\u00e5 aktivt liv som m\u00f6jligt.<\/p>\n<p>[\/et_pb_text][et_pb_button button_url=&#8221;@ET-DC@eyJkeW5hbWljIjp0cnVlLCJjb250ZW50IjoicG9zdF9saW5rX3VybF9wYWdlIiwic2V0dGluZ3MiOnsicG9zdF9pZCI6IjUxOCJ9fQ==@&#8221; button_text=&#8221;L\u00c4S MER OM HJ\u00c4RNA TILLSAMMANS&#8221; admin_label=&#8221;Button &#8211; om hj\u00e4rna tillsammans&#8221; _builder_version=&#8221;4.16&#8243; _dynamic_attributes=&#8221;button_url&#8221; custom_button=&#8221;on&#8221; button_text_size=&#8221;12px&#8221; button_text_color=&#8221;#000000&#8243; button_border_color=&#8221;#7a7a7a&#8221; button_border_radius=&#8221;0px&#8221; button_use_icon=&#8221;off&#8221; global_colors_info=&#8221;{}&#8221;][\/et_pb_button][\/et_pb_column][\/et_pb_row][\/et_pb_section][et_pb_section fb_built=&#8221;1&#8243; _builder_version=&#8221;4.16&#8243; background_color=&#8221;#F8F7F7&#8243; custom_padding=&#8221;20px||||false|false&#8221; global_colors_info=&#8221;{}&#8221;][et_pb_row _builder_version=&#8221;4.16&#8243; custom_padding=&#8221;35px||0px||false|false&#8221; global_colors_info=&#8221;{}&#8221;][et_pb_column type=&#8221;4_4&#8243; _builder_version=&#8221;4.16&#8243; global_colors_info=&#8221;{}&#8221;][et_pb_text _builder_version=&#8221;4.16&#8243; header_2_text_color=&#8221;#000000&#8243; global_colors_info=&#8221;{}&#8221;]<\/p>\n<h2 style=\"text-align: center;\">S\u00c5 G\u00c5R DET TILL<\/h2>\n<p>[\/et_pb_text][\/et_pb_column][\/et_pb_row][et_pb_row column_structure=&#8221;1_3,1_3,1_3&#8243; _builder_version=&#8221;4.16&#8243; max_width=&#8221;800px&#8221; module_alignment=&#8221;center&#8221; global_colors_info=&#8221;{}&#8221;][et_pb_column type=&#8221;1_3&#8243; _builder_version=&#8221;4.16&#8243; global_colors_info=&#8221;{}&#8221;][et_pb_text _builder_version=&#8221;4.22.1&#8243; min_height=&#8221;120px&#8221; height=&#8221;120px&#8221; height_tablet=&#8221;120px&#8221; height_phone=&#8221;120px&#8221; height_last_edited=&#8221;on|phone&#8221; global_colors_info=&#8221;{}&#8221;]<\/p>\n<p>F\u00f6r att anv\u00e4nda kursen m\u00e5ste du skapa ett konto. Kursen fungerar b\u00e5de p\u00e5 dator, surfplatta och mobiltelefon.<\/p>\n<p>[\/et_pb_text][et_pb_image src=&#8221;https:\/\/hjarnatillsammans.se\/larplattform\/wp-content\/uploads\/2019\/12\/Resurs-2.png&#8221; align=&#8221;center&#8221; _builder_version=&#8221;4.16&#8243; global_colors_info=&#8221;{}&#8221;][\/et_pb_image][\/et_pb_column][et_pb_column type=&#8221;1_3&#8243; _builder_version=&#8221;4.16&#8243; global_colors_info=&#8221;{}&#8221;][et_pb_text _builder_version=&#8221;4.16&#8243; min_height=&#8221;120px&#8221; height=&#8221;120px&#8221; height_tablet=&#8221;120px&#8221; height_phone=&#8221;120px&#8221; height_last_edited=&#8221;on|phone&#8221; global_colors_info=&#8221;{}&#8221;]Onlinekurserna tar en till tv\u00e5 timmar att genomf\u00f6ra. Genom att du har skapat ett konto kan du n\u00e4r som helst pausa och forts\u00e4tta vid ett senare tillf\u00e4lle.[\/et_pb_text][et_pb_image src=&#8221;https:\/\/hjarnatillsammans.se\/larplattform\/wp-content\/uploads\/2019\/12\/Resurs-3.png&#8221; align=&#8221;center&#8221; _builder_version=&#8221;4.16&#8243; global_colors_info=&#8221;{}&#8221;][\/et_pb_image][\/et_pb_column][et_pb_column type=&#8221;1_3&#8243; _builder_version=&#8221;4.16&#8243; global_colors_info=&#8221;{}&#8221;][et_pb_text _builder_version=&#8221;4.16&#8243; min_height=&#8221;120px&#8221; height=&#8221;120px&#8221; height_tablet=&#8221;120px&#8221; height_phone=&#8221;120px&#8221; height_last_edited=&#8221;on|phone&#8221; global_colors_info=&#8221;{}&#8221;]Du f\u00e5r ett inneh\u00e5ll som \u00e4r m\u00e5lgrupppsanpassat. Du kan \u00e4ven g\u00f6ra utbildningarna i grupp och har m\u00f6jlighet att diskutera med andra deltagare via v\u00e5r chat.[\/et_pb_text][et_pb_image src=&#8221;https:\/\/hjarnatillsammans.se\/larplattform\/wp-content\/uploads\/2019\/12\/Resurs-4.png&#8221; align=&#8221;center&#8221; _builder_version=&#8221;4.16&#8243; global_colors_info=&#8221;{}&#8221;][\/et_pb_image][\/et_pb_column][\/et_pb_row][\/et_pb_section][et_pb_section fb_built=&#8221;1&#8243; _builder_version=&#8221;4.16&#8243; background_color=&#8221;#ffffff&#8221; global_colors_info=&#8221;{}&#8221;][et_pb_row admin_label=&#8221;footer&#8221; module_class=&#8221;footer_rad&#8221; _builder_version=&#8221;4.4.7&#8243; custom_padding=&#8221;55px||||false|false&#8221; global_module=&#8221;845&#8243; global_colors_info=&#8221;{}&#8221;][et_pb_column type=&#8221;4_4&#8243; _builder_version=&#8221;4.16&#8243; global_colors_info=&#8221;{}&#8221;][et_pb_text _builder_version=&#8221;4.16&#8243; global_colors_info=&#8221;{}&#8221;]<\/p>\n<p style=\"text-align: center;\"><img loading=\"lazy\" decoding=\"async\" class=\"wp-image-19 size-full aligncenter\" src=\"https:\/\/hjarnatillsammans.se\/larplattform\/wp-content\/uploads\/2019\/10\/logga-200x155.png\" alt=\"\" width=\"200\" height=\"155\" srcset=\"https:\/\/hjarnatillsammans.se\/larplattform\/wp-content\/uploads\/2019\/10\/logga-200x155.png 200w, https:\/\/hjarnatillsammans.se\/larplattform\/wp-content\/uploads\/2019\/10\/logga-200x155-24x19.png 24w, https:\/\/hjarnatillsammans.se\/larplattform\/wp-content\/uploads\/2019\/10\/logga-200x155-36x28.png 36w, https:\/\/hjarnatillsammans.se\/larplattform\/wp-content\/uploads\/2019\/10\/logga-200x155-48x37.png 48w\" sizes=\"(max-width: 200px) 100vw, 200px\" \/><br \/>Hj\u00e4rna Tillsammans \u00e4r ett n\u00e4tverk med syfte att st\u00e4rka st\u00f6det och<br \/>rehabiliteringen f\u00f6r personer med f\u00f6rv\u00e4rvad hj\u00e4rnskada<br \/><a href=\"https:\/\/hjarnatillsammans.se\/\">www.hjarnatillsammans.se<\/a><br \/><a href=\"mailto:info@hjarnatillsammans.se\">info@hjarnatillsammans.se<\/a><\/p>\n<p>[\/et_pb_text][\/et_pb_column][\/et_pb_row][\/et_pb_section]<\/p>\n","protected":false},"excerpt":{"rendered":"<p>V\u00c4LKOMMEN TILL HJ\u00c4RNA UTBILDNINGEnkelt. Engagerande. Flexibelt. N\u00e4r det passar dig. V\u00e4lkommen till Hj\u00e4rna Tillsammans l\u00e4rplattform.Ett kursskafferi: online, i klassrum eller i en mix.F\u00f6r dig som har en f\u00f6rv\u00e4rvad hj\u00e4rnskada, \u00e4r n\u00e4rst\u00e5ende eller\u00e4r personal inom n\u00e4tverket Hj\u00e4rna Tillsammans.F\u00e5 flyt i vardags- kommunikationen! Hur g\u00f6r jag n\u00e4r jag ska prata med n\u00e5gon som har sv\u00e5rt attuttrycka sig? [&hellip;]<\/p>\n","protected":false},"author":1,"featured_media":0,"parent":0,"menu_order":0,"comment_status":"closed","ping_status":"closed","template":"page-template-blank.php","meta":{"_acf_changed":false,"_et_pb_use_builder":"on","_et_pb_old_content":"","_et_gb_content_width":"","footnotes":""},"class_list":["post-417","page","type-page","status-publish","hentry"],"acf":[],"_links":{"self":[{"href":"https:\/\/hjarnatillsammans.se\/larplattform\/wp-json\/wp\/v2\/pages\/417","targetHints":{"allow":["GET"]}}],"collection":[{"href":"https:\/\/hjarnatillsammans.se\/larplattform\/wp-json\/wp\/v2\/pages"}],"about":[{"href":"https:\/\/hjarnatillsammans.se\/larplattform\/wp-json\/wp\/v2\/types\/page"}],"author":[{"embeddable":true,"href":"https:\/\/hjarnatillsammans.se\/larplattform\/wp-json\/wp\/v2\/users\/1"}],"replies":[{"embeddable":true,"href":"https:\/\/hjarnatillsammans.se\/larplattform\/wp-json\/wp\/v2\/comments?post=417"}],"version-history":[{"count":197,"href":"https:\/\/hjarnatillsammans.se\/larplattform\/wp-json\/wp\/v2\/pages\/417\/revisions"}],"predecessor-version":[{"id":18108,"href":"https:\/\/hjarnatillsammans.se\/larplattform\/wp-json\/wp\/v2\/pages\/417\/revisions\/18108"}],"wp:attachment":[{"href":"https:\/\/hjarnatillsammans.se\/larplattform\/wp-json\/wp\/v2\/media?parent=417"}],"curies":[{"name":"wp","href":"https:\/\/api.w.org\/{rel}","templated":true}]}}