{"id":33,"date":"2019-10-25T12:51:30","date_gmt":"2019-10-25T10:51:30","guid":{"rendered":"https:\/\/hjarnatillsammans.se\/larplattform\/?page_id=33"},"modified":"2024-01-15T15:26:31","modified_gmt":"2024-01-15T14:26:31","slug":"logga-in-ut","status":"publish","type":"page","link":"https:\/\/hjarnatillsammans.se\/larplattform\/logga-in-ut\/","title":{"rendered":"Logga in\/ut"},"content":{"rendered":"<p>[et_pb_section fb_built=&#8221;1&#8243; make_equal=&#8221;on&#8221; specialty=&#8221;on&#8221; custom_padding_last_edited=&#8221;off|phone&#8221; use_background_color_gradient_1=&#8221;on&#8221; background_color_gradient_direction_1=&#8221;143deg&#8221; background_color_gradient_stops_1=&#8221;#ff6334 0%|#b363d1 100%&#8221; background_color_gradient_start_1=&#8221;#ff6334&#8243; background_color_gradient_end_1=&#8221;#b363d1&#8243; padding_right_1=&#8221;30px&#8221; padding_left_1=&#8221;30px&#8221; padding_top_bottom_link_1=&#8221;false&#8221; padding_left_right_link_1=&#8221;true&#8221; padding_1_tablet=&#8221;15px|30px|15px|30px|true|true&#8221; padding_1_phone=&#8221;10px|20px|10px|20px|true|true&#8221; padding_1_last_edited=&#8221;on|phone&#8221; _builder_version=&#8221;4.22.1&#8243; custom_padding=&#8221;0px||||false|false&#8221; custom_padding_phone=&#8221;0px||||false|true&#8221; locked=&#8221;off&#8221; global_colors_info=&#8221;{}&#8221;][et_pb_column type=&#8221;1_3&#8243; _builder_version=&#8221;4.16&#8243; custom_padding=&#8221;|||&#8221; global_colors_info=&#8221;{}&#8221; custom_padding__hover=&#8221;|||&#8221;][et_pb_text admin_label=&#8221;logo&#8221; _builder_version=&#8221;4.22.1&#8243; background_layout=&#8221;dark&#8221; custom_padding=&#8221;|20px|30px|20px|false|true&#8221; global_colors_info=&#8221;{}&#8221;]<\/p>\n<p><a href=\"https:\/\/hjarnatillsammans.se\/larplattform\/\"><img loading=\"lazy\" decoding=\"async\" class=\"alignleft wp-image-19\" src=\"https:\/\/hjarnatillsammans.se\/larplattform\/wp-content\/uploads\/2019\/10\/logga-200x155.png\" alt=\"\" width=\"120\" height=\"93\" srcset=\"https:\/\/hjarnatillsammans.se\/larplattform\/wp-content\/uploads\/2019\/10\/logga-200x155.png 200w, https:\/\/hjarnatillsammans.se\/larplattform\/wp-content\/uploads\/2019\/10\/logga-200x155-24x19.png 24w, https:\/\/hjarnatillsammans.se\/larplattform\/wp-content\/uploads\/2019\/10\/logga-200x155-36x28.png 36w, https:\/\/hjarnatillsammans.se\/larplattform\/wp-content\/uploads\/2019\/10\/logga-200x155-48x37.png 48w\" sizes=\"(max-width: 120px) 100vw, 120px\" \/><\/a><\/p>\n<p>&nbsp;<\/p>\n<p>&nbsp;<\/p>\n<p>[\/et_pb_text][et_pb_text _builder_version=&#8221;4.22.1&#8243; header_text_color=&#8221;#ffffff&#8221; header_font_size=&#8221;35px&#8221; custom_padding=&#8221;|20px||20px|false|true&#8221; global_colors_info=&#8221;{}&#8221;]<\/p>\n<h1 style=\"text-align: left;\">Logga in<\/h1>\n<p>[\/et_pb_text][et_pb_image src=&#8221;https:\/\/hjarnatillsammans.se\/larplattform\/wp-content\/uploads\/2019\/12\/skapakonto-bildperson.png&#8221; align=&#8221;center&#8221; disabled_on=&#8221;on|on|on&#8221; _builder_version=&#8221;4.16&#8243; disabled=&#8221;on&#8221; global_colors_info=&#8221;{}&#8221;][\/et_pb_image][et_pb_text disabled_on=&#8221;on|on|on&#8221; _builder_version=&#8221;4.16&#8243; text_font_size=&#8221;16px&#8221; text_letter_spacing=&#8221;2px&#8221; background_layout=&#8221;dark&#8221; disabled=&#8221;on&#8221; global_colors_info=&#8221;{}&#8221;]Uppl\u00e4gget p\u00e5 utbildningarna tycker jag \u00e4r v\u00e4ldigt bra med en mix av tal. skrift, film, bilder och reflektionsdelar och h\u00e4nvisning till material om man vill veta mer och f\u00f6rdjupa kunskaperna[\/et_pb_text][\/et_pb_column][et_pb_column type=&#8221;2_3&#8243; specialty_columns=&#8221;2&#8243; _builder_version=&#8221;4.16&#8243; custom_padding=&#8221;|||&#8221; global_colors_info=&#8221;{}&#8221; custom_padding__hover=&#8221;|||&#8221;][et_pb_row_inner module_class=&#8221;login-inner-row&#8221; _builder_version=&#8221;4.22.1&#8243; background_color=&#8221;#ffffff&#8221; custom_margin=&#8221;50px||||false|false&#8221; custom_margin_tablet=&#8221;30px||||false|false&#8221; custom_margin_phone=&#8221;10px||||false|false&#8221; custom_margin_last_edited=&#8221;on|phone&#8221; custom_padding=&#8221;|10px||10px|false|true&#8221; box_shadow_style=&#8221;preset1&#8243; global_colors_info=&#8221;{}&#8221;][et_pb_column_inner saved_specialty_column_type=&#8221;2_3&#8243; _builder_version=&#8221;4.16&#8243; global_colors_info=&#8221;{}&#8221;][et_pb_text admin_label=&#8221;Text&#8221; _builder_version=&#8221;4.16&#8243; text_font_size=&#8221;16px&#8221; header_2_font=&#8221;||||||||&#8221; global_colors_info=&#8221;{}&#8221;]<\/p>\n<h2 style=\"text-align: center;\">Logga in p\u00e5 Hj\u00e4rna utbildning<\/h2>\n<p style=\"text-align: center;\">Logga in genom att fylla i din e-postadress och l\u00f6senord<\/p>\n<p>[\/et_pb_text][et_pb_sidebar area=&#8221;sidebar-7&#8243; disabled_on=&#8221;off|off|off&#8221; admin_label=&#8221;Sidebar&#8221; _builder_version=&#8221;4.16&#8243; width=&#8221;80%&#8221; custom_margin=&#8221;|auto||auto|false|true&#8221; custom_padding=&#8221;30px|30px|30px|30px|false|false&#8221; custom_css_main_element=&#8221;border: 0&#8243; global_colors_info=&#8221;{}&#8221;][\/et_pb_sidebar][\/et_pb_column_inner][\/et_pb_row_inner][et_pb_row_inner admin_label=&#8221;footer&#8221; module_class=&#8221;footer_rad&#8221; _builder_version=&#8221;4.4.7&#8243; custom_padding=&#8221;55px||||false|false&#8221; global_module=&#8221;845&#8243; global_colors_info=&#8221;{}&#8221;][et_pb_column_inner _builder_version=&#8221;4.16&#8243; global_colors_info=&#8221;{}&#8221;][et_pb_text _builder_version=&#8221;4.16&#8243; global_colors_info=&#8221;{}&#8221;]<\/p>\n<p style=\"text-align: center;\"><img loading=\"lazy\" decoding=\"async\" class=\"wp-image-19 size-full aligncenter\" src=\"https:\/\/hjarnatillsammans.se\/larplattform\/wp-content\/uploads\/2019\/10\/logga-200x155.png\" alt=\"\" width=\"200\" height=\"155\" srcset=\"https:\/\/hjarnatillsammans.se\/larplattform\/wp-content\/uploads\/2019\/10\/logga-200x155.png 200w, https:\/\/hjarnatillsammans.se\/larplattform\/wp-content\/uploads\/2019\/10\/logga-200x155-24x19.png 24w, https:\/\/hjarnatillsammans.se\/larplattform\/wp-content\/uploads\/2019\/10\/logga-200x155-36x28.png 36w, https:\/\/hjarnatillsammans.se\/larplattform\/wp-content\/uploads\/2019\/10\/logga-200x155-48x37.png 48w\" sizes=\"(max-width: 200px) 100vw, 200px\" \/><br \/>Hj\u00e4rna Tillsammans \u00e4r ett n\u00e4tverk med syfte att st\u00e4rka st\u00f6det och<br \/>rehabiliteringen f\u00f6r personer med f\u00f6rv\u00e4rvad hj\u00e4rnskada<br \/><a href=\"https:\/\/hjarnatillsammans.se\/\">www.hjarnatillsammans.se<\/a><br \/><a href=\"mailto:info@hjarnatillsammans.se\">info@hjarnatillsammans.se<\/a><\/p>\n<p>[\/et_pb_text][\/et_pb_column_inner][\/et_pb_row_inner][\/et_pb_column][\/et_pb_section]<\/p>\n","protected":false},"excerpt":{"rendered":"<p>&nbsp; &nbsp;Logga inUppl\u00e4gget p\u00e5 utbildningarna tycker jag \u00e4r v\u00e4ldigt bra med en mix av tal. skrift, film, bilder och reflektionsdelar och h\u00e4nvisning till material om man vill veta mer och f\u00f6rdjupa kunskapernaLogga in p\u00e5 Hj\u00e4rna utbildning Logga in genom att fylla i din e-postadress och l\u00f6senordHj\u00e4rna Tillsammans \u00e4r ett n\u00e4tverk med syfte att st\u00e4rka st\u00f6det [&hellip;]<\/p>\n","protected":false},"author":1,"featured_media":0,"parent":0,"menu_order":0,"comment_status":"closed","ping_status":"closed","template":"page-template-blank.php","meta":{"_acf_changed":false,"_et_pb_use_builder":"on","_et_pb_old_content":"","_et_gb_content_width":"","footnotes":""},"class_list":["post-33","page","type-page","status-publish","hentry"],"acf":[],"_links":{"self":[{"href":"https:\/\/hjarnatillsammans.se\/larplattform\/wp-json\/wp\/v2\/pages\/33","targetHints":{"allow":["GET"]}}],"collection":[{"href":"https:\/\/hjarnatillsammans.se\/larplattform\/wp-json\/wp\/v2\/pages"}],"about":[{"href":"https:\/\/hjarnatillsammans.se\/larplattform\/wp-json\/wp\/v2\/types\/page"}],"author":[{"embeddable":true,"href":"https:\/\/hjarnatillsammans.se\/larplattform\/wp-json\/wp\/v2\/users\/1"}],"replies":[{"embeddable":true,"href":"https:\/\/hjarnatillsammans.se\/larplattform\/wp-json\/wp\/v2\/comments?post=33"}],"version-history":[{"count":36,"href":"https:\/\/hjarnatillsammans.se\/larplattform\/wp-json\/wp\/v2\/pages\/33\/revisions"}],"predecessor-version":[{"id":7884,"href":"https:\/\/hjarnatillsammans.se\/larplattform\/wp-json\/wp\/v2\/pages\/33\/revisions\/7884"}],"wp:attachment":[{"href":"https:\/\/hjarnatillsammans.se\/larplattform\/wp-json\/wp\/v2\/media?parent=33"}],"curies":[{"name":"wp","href":"https:\/\/api.w.org\/{rel}","templated":true}]}}